{"id":27,"date":"2022-12-22T14:54:45","date_gmt":"2022-12-22T14:54:45","guid":{"rendered":"http:\/\/ec-sainte-therese-com.preview-domain.com\/?page_id=27"},"modified":"2024-07-22T18:41:43","modified_gmt":"2024-07-22T18:41:43","slug":"organisation-de-lecole","status":"publish","type":"page","link":"https:\/\/ec-sainte-therese.com\/?page_id=27","title":{"rendered":"Organisation de l&rsquo;\u00e9cole"},"content":{"rendered":"\t\t<div data-elementor-type=\"wp-page\" data-elementor-id=\"27\" class=\"elementor elementor-27\">\n\t\t\t\t\t\t<section class=\"elementor-section elementor-top-section elementor-element elementor-element-2efa810a elementor-section-boxed elementor-section-height-default elementor-section-height-default\" data-id=\"2efa810a\" data-element_type=\"section\" data-e-type=\"section\" data-settings=\"{&quot;background_background&quot;:&quot;classic&quot;}\">\n\t\t\t\t\t\t<div class=\"elementor-container elementor-column-gap-no\">\n\t\t\t\t\t<div class=\"elementor-column elementor-col-100 elementor-top-column elementor-element elementor-element-7ef2a441\" data-id=\"7ef2a441\" data-element_type=\"column\" data-e-type=\"column\">\n\t\t\t<div class=\"elementor-widget-wrap elementor-element-populated\">\n\t\t\t\t\t\t<section class=\"elementor-section elementor-inner-section elementor-element elementor-element-68733ba9 elementor-section-boxed elementor-section-height-default elementor-section-height-default elementor-invisible\" data-id=\"68733ba9\" data-element_type=\"section\" data-e-type=\"section\" data-settings=\"{&quot;animation&quot;:&quot;fadeInUp&quot;}\">\n\t\t\t\t\t\t<div class=\"elementor-container elementor-column-gap-no\">\n\t\t\t\t\t<div class=\"elementor-column elementor-col-100 elementor-inner-column elementor-element elementor-element-37b2fdfe\" data-id=\"37b2fdfe\" data-element_type=\"column\" data-e-type=\"column\">\n\t\t\t<div class=\"elementor-widget-wrap elementor-element-populated\">\n\t\t\t\t\t\t<div class=\"elementor-element elementor-element-58664db0 elementor-widget elementor-widget-heading\" data-id=\"58664db0\" data-element_type=\"widget\" data-e-type=\"widget\" data-widget_type=\"heading.default\">\n\t\t\t\t<div class=\"elementor-widget-container\">\n\t\t\t\t\t<h3 class=\"elementor-heading-title elementor-size-default\">ORGANISATION<\/h3>\t\t\t\t<\/div>\n\t\t\t\t<\/div>\n\t\t\t\t\t<\/div>\n\t\t<\/div>\n\t\t\t\t\t<\/div>\n\t\t<\/section>\n\t\t\t\t<section class=\"elementor-section elementor-inner-section elementor-element elementor-element-5de08b1c elementor-section-boxed elementor-section-height-default elementor-section-height-default\" data-id=\"5de08b1c\" data-element_type=\"section\" data-e-type=\"section\">\n\t\t\t\t\t\t<div class=\"elementor-container elementor-column-gap-no\">\n\t\t\t\t\t<div class=\"elementor-column elementor-col-50 elementor-inner-column elementor-element elementor-element-30b551cc elementor-invisible\" data-id=\"30b551cc\" data-element_type=\"column\" data-e-type=\"column\" data-settings=\"{&quot;animation&quot;:&quot;fadeInLeft&quot;}\">\n\t\t\t<div class=\"elementor-widget-wrap elementor-element-populated\">\n\t\t\t\t\t\t<div class=\"elementor-element elementor-element-322c3561 eael-infobox-shape-radius eael-infobox-hover-img-shape-radius eael-infobox-content-align--center elementor-widget elementor-widget-eael-info-box\" data-id=\"322c3561\" data-element_type=\"widget\" data-e-type=\"widget\" data-widget_type=\"eael-info-box.default\">\n\t\t\t\t<div class=\"elementor-widget-container\">\n\t\t\t\t\t        <div class=\"eael-infobox icon-on-top\">\n\t            <div class=\"infobox-icon\">\n\n                            <img decoding=\"async\" src=\"https:\/\/ec-sainte-therese.com\/wp-content\/uploads\/2022\/12\/Classe-3.jpg\" alt=\"\">\n            \n            \n            \n        <\/div>\n            <div class=\"infobox-content\">\n                    <div class=\"infobox-title-section\">\n                <h2 class=\"title\">3 classes de maternelle au CM2<\/h2>            <\/div>\n                    <\/div>\n            <\/div>\n\n\t\t\t\t\t\t<\/div>\n\t\t\t\t<\/div>\n\t\t\t\t\t<\/div>\n\t\t<\/div>\n\t\t\t\t<div class=\"elementor-column elementor-col-50 elementor-inner-column elementor-element elementor-element-d654a31 elementor-invisible\" data-id=\"d654a31\" data-element_type=\"column\" data-e-type=\"column\" data-settings=\"{&quot;animation&quot;:&quot;fadeInRight&quot;}\">\n\t\t\t<div class=\"elementor-widget-wrap elementor-element-populated\">\n\t\t\t\t\t\t<div class=\"elementor-element elementor-element-36863ce eael-infobox-shape-radius eael-infobox-hover-img-shape-radius eael-infobox-content-align--center elementor-widget elementor-widget-eael-info-box\" data-id=\"36863ce\" data-element_type=\"widget\" data-e-type=\"widget\" data-widget_type=\"eael-info-box.default\">\n\t\t\t\t<div class=\"elementor-widget-container\">\n\t\t\t\t\t        <div class=\"eael-infobox icon-on-top\">\n\t            <div class=\"infobox-icon\">\n\n                            <img decoding=\"async\" src=\"https:\/\/ec-sainte-therese.com\/wp-content\/uploads\/2023\/01\/EQUIPE.jpg\" alt=\"\">\n            \n            \n            \n        <\/div>\n            <div class=\"infobox-content\">\n                    <div class=\"infobox-title-section\">\n                <h2 class=\"title\">6 enseignantes (2 enseignantes suppl\u00e9mentaires car d\u00e9charge de direction et quart temps d'enseignantes)<\/h2>            <\/div>\n                    <\/div>\n            <\/div>\n\n\t\t\t\t\t\t<\/div>\n\t\t\t\t<\/div>\n\t\t\t\t\t<\/div>\n\t\t<\/div>\n\t\t\t\t\t<\/div>\n\t\t<\/section>\n\t\t\t\t<section class=\"elementor-section elementor-inner-section elementor-element elementor-element-37de13c elementor-section-boxed elementor-section-height-default elementor-section-height-default\" data-id=\"37de13c\" data-element_type=\"section\" data-e-type=\"section\">\n\t\t\t\t\t\t<div class=\"elementor-container elementor-column-gap-no\">\n\t\t\t\t\t<div class=\"elementor-column elementor-col-50 elementor-inner-column elementor-element elementor-element-55455e75 elementor-invisible\" data-id=\"55455e75\" data-element_type=\"column\" data-e-type=\"column\" data-settings=\"{&quot;animation&quot;:&quot;fadeInLeft&quot;}\">\n\t\t\t<div class=\"elementor-widget-wrap elementor-element-populated\">\n\t\t\t\t\t\t<div class=\"elementor-element elementor-element-cf9a771 eael-infobox-shape-radius eael-infobox-hover-img-shape-radius eael-infobox-content-align--center elementor-widget elementor-widget-eael-info-box\" data-id=\"cf9a771\" data-element_type=\"widget\" data-e-type=\"widget\" data-widget_type=\"eael-info-box.default\">\n\t\t\t\t<div class=\"elementor-widget-container\">\n\t\t\t\t\t        <div class=\"eael-infobox icon-on-top\">\n\t            <div class=\"infobox-icon\">\n\n                            <img decoding=\"async\" src=\"https:\/\/ec-sainte-therese.com\/wp-content\/uploads\/2023\/01\/pexels-pavel-danilyuk-8422150.jpg\" alt=\"\">\n            \n            \n            \n        <\/div>\n            <div class=\"infobox-content\">\n                    <div class=\"infobox-title-section\">\n                <h2 class=\"title\">2 agents au service de l'\u00e9cole maternelle (ASEM)<\/h2>            <\/div>\n                    <\/div>\n            <\/div>\n\n\t\t\t\t\t\t<\/div>\n\t\t\t\t<\/div>\n\t\t\t\t\t<\/div>\n\t\t<\/div>\n\t\t\t\t<div class=\"elementor-column elementor-col-50 elementor-inner-column elementor-element elementor-element-7501abb5 elementor-invisible\" data-id=\"7501abb5\" data-element_type=\"column\" data-e-type=\"column\" data-settings=\"{&quot;animation&quot;:&quot;fadeInRight&quot;}\">\n\t\t\t<div class=\"elementor-widget-wrap elementor-element-populated\">\n\t\t\t\t\t\t<div class=\"elementor-element elementor-element-59e15938 eael-infobox-shape-radius eael-infobox-hover-img-shape-radius eael-infobox-content-align--center elementor-widget elementor-widget-eael-info-box\" data-id=\"59e15938\" data-element_type=\"widget\" data-e-type=\"widget\" data-widget_type=\"eael-info-box.default\">\n\t\t\t\t<div class=\"elementor-widget-container\">\n\t\t\t\t\t        <div class=\"eael-infobox icon-on-top\">\n\t            <div class=\"infobox-icon\">\n\n                            <img decoding=\"async\" src=\"https:\/\/ec-sainte-therese.com\/wp-content\/uploads\/2023\/01\/pexels-tima-miroshnichenko-6195111.jpg\" alt=\"\">\n            \n            \n            \n        <\/div>\n            <div class=\"infobox-content\">\n                    <div class=\"infobox-title-section\">\n                <h2 class=\"title\">1 employ\u00e9e d'entretien des locaux<\/h2>            <\/div>\n                    <\/div>\n            <\/div>\n\n\t\t\t\t\t\t<\/div>\n\t\t\t\t<\/div>\n\t\t\t\t\t<\/div>\n\t\t<\/div>\n\t\t\t\t\t<\/div>\n\t\t<\/section>\n\t\t\t\t<div class=\"elementor-element elementor-element-61b5429 elementor-widget elementor-widget-text-editor\" data-id=\"61b5429\" data-element_type=\"widget\" data-e-type=\"widget\" data-widget_type=\"text-editor.default\">\n\t\t\t\t<div class=\"elementor-widget-container\">\n\t\t\t\t\t\t\t\t\t<ul><li><p><span style=\"font-family: Times New Roman, serif; color: #ffffff;\"><span style=\"font-size: medium;\"><u><strong><span style=\"font-family: Poppins, Nirmala UI;\">Chef d\u2019\u00e9tablissement :<\/span><\/strong><\/u><span style=\"font-family: Poppins, Nirmala UI;\">\u00a0Mme GARNIER (\u00e0 contacter de pr\u00e9f\u00e9rence le vendredi de 8h45 \u00e0 18h car jour de d\u00e9charge de direction)<\/span><\/span><\/span><\/p><\/li><li><p><u><span style=\"font-family: Times New Roman, serif; color: #ffffff;\"><span style=\"font-size: medium;\"><strong><span style=\"font-family: Poppins, Nirmala UI;\">Ecole de 4 jours<\/span><\/strong><span style=\"font-family: Poppins, Nirmala UI;\">\u00a0: Lundi, Mardi, Jeudi et Vendredi<\/span><\/span><\/span><\/u><\/p><\/li><li><p><span style=\"font-family: Times New Roman, serif; color: #ffffff;\"><span style=\"font-size: medium;\"><strong><span style=\"font-family: Poppins, Nirmala UI;\">Horaires :<\/span><\/strong><\/span><\/span><\/p><\/li><li><p><span style=\"font-family: Times New Roman, serif; color: #ffffff;\"><span style=\"font-size: medium;\"><em><span style=\"font-family: Poppins, Nirmala UI;\">le matin : 8h45 \u2013 11h45<\/span><\/em><\/span><\/span><\/p><\/li><li><p><span style=\"font-family: Times New Roman, serif; color: #ffffff;\"><span style=\"font-size: medium;\"><em><span style=\"font-family: Poppins, Nirmala UI;\">l\u2019apr\u00e8s-midi : 13h30 \u2013 16h45<\/span><\/em><\/span><\/span><\/p><\/li><li><p><u><span style=\"font-family: Times New Roman, serif; color: #ffffff;\"><span style=\"font-size: medium;\"><strong><span style=\"font-family: Poppins, Nirmala UI;\">Services :<\/span><\/strong><\/span><\/span><\/u><\/p><\/li><li><p><span style=\"font-family: Times New Roman, serif; color: #ffffff;\"><span style=\"font-size: medium;\"><span style=\"font-family: Poppins, Nirmala UI;\">garderie le matin : 7h30 \u2013 8h35\u00a0 et le soir : 17h \u2013 18h<\/span><\/span><\/span><\/p><\/li><li><p><span style=\"font-family: Times New Roman, serif; color: #ffffff;\"><span style=\"font-size: medium;\"><span style=\"font-family: Poppins, Nirmala UI;\">restaurant scolaire municipal pour les maternelles et les primaires de 12h30 \u00e0 13h25 <\/span><\/span><\/span><\/p><\/li><li><p><span style=\"font-family: Times New Roman, serif; color: #ffffff;\"><span style=\"font-size: medium;\"><span style=\"font-family: Poppins, Nirmala UI;\">transport scolaire par car matin et soir (en fonction des lignes en activit\u00e9)<\/span><\/span><\/span><\/p><\/li><li><p><u><span style=\"font-family: Times New Roman, serif; color: #ffffff;\"><span style=\"font-size: medium;\"><strong><span style=\"font-family: Poppins, Nirmala UI;\">Exemples d\u2019activit\u00e9s p\u00e9dagogiques :<\/span><\/strong><\/span><\/span><\/u><\/p><\/li><li><p><span style=\"font-family: Times New Roman, serif; color: #ffffff;\"><span style=\"font-size: medium;\"><span style=\"font-family: Poppins, Nirmala UI;\">informatique du CP au CM2, conseil municipal des jeunes en CM, rencontres sportives, \u00e9veil \u00e0 la foi de la PS au CE1 et cat\u00e9ch\u00e8se du CE2 au CM2, spectacles, carnaval, piscine, sorties p\u00e9dagogiques etc.<\/span><\/span><\/span><\/p><\/li><\/ul>\t\t\t\t\t\t\t\t<\/div>\n\t\t\t\t<\/div>\n\t\t\t\t\t<\/div>\n\t\t<\/div>\n\t\t\t\t\t<\/div>\n\t\t<\/section>\n\t\t\t\t<section class=\"elementor-section elementor-top-section elementor-element elementor-element-957612f elementor-section-boxed elementor-section-height-default elementor-section-height-default\" data-id=\"957612f\" data-element_type=\"section\" data-e-type=\"section\">\n\t\t\t\t\t\t<div class=\"elementor-container elementor-column-gap-default\">\n\t\t\t\t\t<div class=\"elementor-column elementor-col-100 elementor-top-column elementor-element elementor-element-aaa397b\" data-id=\"aaa397b\" data-element_type=\"column\" data-e-type=\"column\">\n\t\t\t<div class=\"elementor-widget-wrap\">\n\t\t\t\t\t\t\t<\/div>\n\t\t<\/div>\n\t\t\t\t\t<\/div>\n\t\t<\/section>\n\t\t\t\t<\/div>\n\t\t","protected":false},"excerpt":{"rendered":"<p>ORGANISATION 3 classes de maternelle au CM2 6 enseignantes (2 enseignantes suppl\u00e9mentaires car d\u00e9charge de direction et quart temps d&rsquo;enseignantes) 2 agents au service de l&rsquo;\u00e9cole maternelle (ASEM) 1 employ\u00e9e d&rsquo;entretien des locaux Chef d\u2019\u00e9tablissement :\u00a0Mme GARNIER (\u00e0 contacter de pr\u00e9f\u00e9rence le vendredi de 8h45 \u00e0 18h car jour de d\u00e9charge de direction) Ecole de [&hellip;]<\/p>\n","protected":false},"author":1,"featured_media":0,"parent":0,"menu_order":0,"comment_status":"closed","ping_status":"closed","template":"","meta":{"site-sidebar-layout":"no-sidebar","site-content-layout":"page-builder","ast-site-content-layout":"default","site-content-style":"default","site-sidebar-style":"default","ast-global-header-display":"","ast-banner-title-visibility":"","ast-main-header-display":"","ast-hfb-above-header-display":"","ast-hfb-below-header-display":"","ast-hfb-mobile-header-display":"","site-post-title":"disabled","ast-breadcrumbs-content":"","ast-featured-img":"disabled","footer-sml-layout":"","ast-disable-related-posts":"","theme-transparent-header-meta":"","adv-header-id-meta":"","stick-header-meta":"","header-above-stick-meta":"","header-main-stick-meta":"","header-below-stick-meta":"","astra-migrate-meta-layouts":"default","ast-page-background-enabled":"default","ast-page-background-meta":{"desktop":{"background-color":"var(--ast-global-color-4)","background-image":"","background-repeat":"repeat","background-position":"center center","background-size":"auto","background-attachment":"scroll","background-type":"","background-media":"","overlay-type":"","overlay-color":"","overlay-opacity":"","overlay-gradient":""},"tablet":{"background-color":"","background-image":"","background-repeat":"repeat","background-position":"center center","background-size":"auto","background-attachment":"scroll","background-type":"","background-media":"","overlay-type":"","overlay-color":"","overlay-opacity":"","overlay-gradient":""},"mobile":{"background-color":"","background-image":"","background-repeat":"repeat","background-position":"center center","background-size":"auto","background-attachment":"scroll","background-type":"","background-media":"","overlay-type":"","overlay-color":"","overlay-opacity":"","overlay-gradient":""}},"ast-content-background-meta":{"desktop":{"background-color":"var(--ast-global-color-5)","background-image":"","background-repeat":"repeat","background-position":"center center","background-size":"auto","background-attachment":"scroll","background-type":"","background-media":"","overlay-type":"","overlay-color":"","overlay-opacity":"","overlay-gradient":""},"tablet":{"background-color":"var(--ast-global-color-5)","background-image":"","background-repeat":"repeat","background-position":"center center","background-size":"auto","background-attachment":"scroll","background-type":"","background-media":"","overlay-type":"","overlay-color":"","overlay-opacity":"","overlay-gradient":""},"mobile":{"background-color":"var(--ast-global-color-5)","background-image":"","background-repeat":"repeat","background-position":"center center","background-size":"auto","background-attachment":"scroll","background-type":"","background-media":"","overlay-type":"","overlay-color":"","overlay-opacity":"","overlay-gradient":""}},"footnotes":""},"class_list":["post-27","page","type-page","status-publish","hentry"],"yoast_head":"<!-- This site is optimized with the Yoast SEO plugin v27.4 - https:\/\/yoast.com\/product\/yoast-seo-wordpress\/ -->\n<title>Organisation de l&#039;\u00e9cole - ECOLE PRIVEE SAINTE THERESE<\/title>\n<meta name=\"robots\" content=\"index, follow, max-snippet:-1, max-image-preview:large, max-video-preview:-1\" \/>\n<link rel=\"canonical\" href=\"https:\/\/ec-sainte-therese.com\/?page_id=27\" \/>\n<meta property=\"og:locale\" content=\"fr_FR\" \/>\n<meta property=\"og:type\" content=\"article\" \/>\n<meta property=\"og:title\" content=\"Organisation de l&#039;\u00e9cole - ECOLE PRIVEE SAINTE THERESE\" \/>\n<meta property=\"og:description\" content=\"ORGANISATION 3 classes de maternelle au CM2 6 enseignantes (2 enseignantes suppl\u00e9mentaires car d\u00e9charge de direction et quart temps d&rsquo;enseignantes) 2 agents au service de l&rsquo;\u00e9cole maternelle (ASEM) 1 employ\u00e9e d&rsquo;entretien des locaux Chef d\u2019\u00e9tablissement :\u00a0Mme GARNIER (\u00e0 contacter de pr\u00e9f\u00e9rence le vendredi de 8h45 \u00e0 18h car jour de d\u00e9charge de direction) Ecole de [&hellip;]\" \/>\n<meta property=\"og:url\" content=\"https:\/\/ec-sainte-therese.com\/?page_id=27\" \/>\n<meta property=\"og:site_name\" content=\"ECOLE PRIVEE SAINTE THERESE\" \/>\n<meta property=\"article:publisher\" content=\"https:\/\/www.facebook.com\/APELSAINTETHERESE72\" \/>\n<meta property=\"article:modified_time\" content=\"2024-07-22T18:41:43+00:00\" \/>\n<meta property=\"og:image\" content=\"https:\/\/ec-sainte-therese.com\/wp-content\/uploads\/2022\/12\/Classe-3-1536x728.jpg\" \/>\n<meta name=\"twitter:card\" content=\"summary_large_image\" \/>\n<meta name=\"twitter:label1\" content=\"Dur\u00e9e de lecture estim\u00e9e\" \/>\n\t<meta name=\"twitter:data1\" content=\"2 minutes\" \/>\n<script type=\"application\/ld+json\" class=\"yoast-schema-graph\">{\"@context\":\"https:\\\/\\\/schema.org\",\"@graph\":[{\"@type\":\"WebPage\",\"@id\":\"https:\\\/\\\/ec-sainte-therese.com\\\/?page_id=27\",\"url\":\"https:\\\/\\\/ec-sainte-therese.com\\\/?page_id=27\",\"name\":\"Organisation de l'\u00e9cole - ECOLE PRIVEE SAINTE THERESE\",\"isPartOf\":{\"@id\":\"https:\\\/\\\/ec-sainte-therese.com\\\/#website\"},\"primaryImageOfPage\":{\"@id\":\"https:\\\/\\\/ec-sainte-therese.com\\\/?page_id=27#primaryimage\"},\"image\":{\"@id\":\"https:\\\/\\\/ec-sainte-therese.com\\\/?page_id=27#primaryimage\"},\"thumbnailUrl\":\"https:\\\/\\\/ec-sainte-therese.com\\\/wp-content\\\/uploads\\\/2022\\\/12\\\/Classe-3-1536x728.jpg\",\"datePublished\":\"2022-12-22T14:54:45+00:00\",\"dateModified\":\"2024-07-22T18:41:43+00:00\",\"breadcrumb\":{\"@id\":\"https:\\\/\\\/ec-sainte-therese.com\\\/?page_id=27#breadcrumb\"},\"inLanguage\":\"fr-FR\",\"potentialAction\":[{\"@type\":\"ReadAction\",\"target\":[\"https:\\\/\\\/ec-sainte-therese.com\\\/?page_id=27\"]}]},{\"@type\":\"ImageObject\",\"inLanguage\":\"fr-FR\",\"@id\":\"https:\\\/\\\/ec-sainte-therese.com\\\/?page_id=27#primaryimage\",\"url\":\"\",\"contentUrl\":\"\"},{\"@type\":\"BreadcrumbList\",\"@id\":\"https:\\\/\\\/ec-sainte-therese.com\\\/?page_id=27#breadcrumb\",\"itemListElement\":[{\"@type\":\"ListItem\",\"position\":1,\"name\":\"Accueil\",\"item\":\"https:\\\/\\\/ec-sainte-therese.com\\\/\"},{\"@type\":\"ListItem\",\"position\":2,\"name\":\"Organisation de l&rsquo;\u00e9cole\"}]},{\"@type\":\"WebSite\",\"@id\":\"https:\\\/\\\/ec-sainte-therese.com\\\/#website\",\"url\":\"https:\\\/\\\/ec-sainte-therese.com\\\/\",\"name\":\"ECOLE PRIVEE SAINTE THERESE\",\"description\":\"\",\"publisher\":{\"@id\":\"https:\\\/\\\/ec-sainte-therese.com\\\/#organization\"},\"potentialAction\":[{\"@type\":\"SearchAction\",\"target\":{\"@type\":\"EntryPoint\",\"urlTemplate\":\"https:\\\/\\\/ec-sainte-therese.com\\\/?s={search_term_string}\"},\"query-input\":{\"@type\":\"PropertyValueSpecification\",\"valueRequired\":true,\"valueName\":\"search_term_string\"}}],\"inLanguage\":\"fr-FR\"},{\"@type\":\"Organization\",\"@id\":\"https:\\\/\\\/ec-sainte-therese.com\\\/#organization\",\"name\":\"ECOLE SAINTE THERESE\",\"alternateName\":\"ECOLE PRIVE\",\"url\":\"https:\\\/\\\/ec-sainte-therese.com\\\/\",\"logo\":{\"@type\":\"ImageObject\",\"inLanguage\":\"fr-FR\",\"@id\":\"https:\\\/\\\/ec-sainte-therese.com\\\/#\\\/schema\\\/logo\\\/image\\\/\",\"url\":\"https:\\\/\\\/ec-sainte-therese.com\\\/wp-content\\\/uploads\\\/2022\\\/12\\\/cropped-logo.png\",\"contentUrl\":\"https:\\\/\\\/ec-sainte-therese.com\\\/wp-content\\\/uploads\\\/2022\\\/12\\\/cropped-logo.png\",\"width\":240,\"height\":91,\"caption\":\"ECOLE SAINTE THERESE\"},\"image\":{\"@id\":\"https:\\\/\\\/ec-sainte-therese.com\\\/#\\\/schema\\\/logo\\\/image\\\/\"},\"sameAs\":[\"https:\\\/\\\/www.facebook.com\\\/APELSAINTETHERESE72\"]}]}<\/script>\n<!-- \/ Yoast SEO plugin. -->","yoast_head_json":{"title":"Organisation de l'\u00e9cole - ECOLE PRIVEE SAINTE THERESE","robots":{"index":"index","follow":"follow","max-snippet":"max-snippet:-1","max-image-preview":"max-image-preview:large","max-video-preview":"max-video-preview:-1"},"canonical":"https:\/\/ec-sainte-therese.com\/?page_id=27","og_locale":"fr_FR","og_type":"article","og_title":"Organisation de l'\u00e9cole - ECOLE PRIVEE SAINTE THERESE","og_description":"ORGANISATION 3 classes de maternelle au CM2 6 enseignantes (2 enseignantes suppl\u00e9mentaires car d\u00e9charge de direction et quart temps d&rsquo;enseignantes) 2 agents au service de l&rsquo;\u00e9cole maternelle (ASEM) 1 employ\u00e9e d&rsquo;entretien des locaux Chef d\u2019\u00e9tablissement :\u00a0Mme GARNIER (\u00e0 contacter de pr\u00e9f\u00e9rence le vendredi de 8h45 \u00e0 18h car jour de d\u00e9charge de direction) Ecole de [&hellip;]","og_url":"https:\/\/ec-sainte-therese.com\/?page_id=27","og_site_name":"ECOLE PRIVEE SAINTE THERESE","article_publisher":"https:\/\/www.facebook.com\/APELSAINTETHERESE72","article_modified_time":"2024-07-22T18:41:43+00:00","og_image":[{"url":"https:\/\/ec-sainte-therese.com\/wp-content\/uploads\/2022\/12\/Classe-3-1536x728.jpg","type":"","width":"","height":""}],"twitter_card":"summary_large_image","twitter_misc":{"Dur\u00e9e de lecture estim\u00e9e":"2 minutes"},"schema":{"@context":"https:\/\/schema.org","@graph":[{"@type":"WebPage","@id":"https:\/\/ec-sainte-therese.com\/?page_id=27","url":"https:\/\/ec-sainte-therese.com\/?page_id=27","name":"Organisation de l'\u00e9cole - ECOLE PRIVEE SAINTE THERESE","isPartOf":{"@id":"https:\/\/ec-sainte-therese.com\/#website"},"primaryImageOfPage":{"@id":"https:\/\/ec-sainte-therese.com\/?page_id=27#primaryimage"},"image":{"@id":"https:\/\/ec-sainte-therese.com\/?page_id=27#primaryimage"},"thumbnailUrl":"https:\/\/ec-sainte-therese.com\/wp-content\/uploads\/2022\/12\/Classe-3-1536x728.jpg","datePublished":"2022-12-22T14:54:45+00:00","dateModified":"2024-07-22T18:41:43+00:00","breadcrumb":{"@id":"https:\/\/ec-sainte-therese.com\/?page_id=27#breadcrumb"},"inLanguage":"fr-FR","potentialAction":[{"@type":"ReadAction","target":["https:\/\/ec-sainte-therese.com\/?page_id=27"]}]},{"@type":"ImageObject","inLanguage":"fr-FR","@id":"https:\/\/ec-sainte-therese.com\/?page_id=27#primaryimage","url":"","contentUrl":""},{"@type":"BreadcrumbList","@id":"https:\/\/ec-sainte-therese.com\/?page_id=27#breadcrumb","itemListElement":[{"@type":"ListItem","position":1,"name":"Accueil","item":"https:\/\/ec-sainte-therese.com\/"},{"@type":"ListItem","position":2,"name":"Organisation de l&rsquo;\u00e9cole"}]},{"@type":"WebSite","@id":"https:\/\/ec-sainte-therese.com\/#website","url":"https:\/\/ec-sainte-therese.com\/","name":"ECOLE PRIVEE SAINTE THERESE","description":"","publisher":{"@id":"https:\/\/ec-sainte-therese.com\/#organization"},"potentialAction":[{"@type":"SearchAction","target":{"@type":"EntryPoint","urlTemplate":"https:\/\/ec-sainte-therese.com\/?s={search_term_string}"},"query-input":{"@type":"PropertyValueSpecification","valueRequired":true,"valueName":"search_term_string"}}],"inLanguage":"fr-FR"},{"@type":"Organization","@id":"https:\/\/ec-sainte-therese.com\/#organization","name":"ECOLE SAINTE THERESE","alternateName":"ECOLE PRIVE","url":"https:\/\/ec-sainte-therese.com\/","logo":{"@type":"ImageObject","inLanguage":"fr-FR","@id":"https:\/\/ec-sainte-therese.com\/#\/schema\/logo\/image\/","url":"https:\/\/ec-sainte-therese.com\/wp-content\/uploads\/2022\/12\/cropped-logo.png","contentUrl":"https:\/\/ec-sainte-therese.com\/wp-content\/uploads\/2022\/12\/cropped-logo.png","width":240,"height":91,"caption":"ECOLE SAINTE THERESE"},"image":{"@id":"https:\/\/ec-sainte-therese.com\/#\/schema\/logo\/image\/"},"sameAs":["https:\/\/www.facebook.com\/APELSAINTETHERESE72"]}]}},"_links":{"self":[{"href":"https:\/\/ec-sainte-therese.com\/index.php?rest_route=\/wp\/v2\/pages\/27","targetHints":{"allow":["GET"]}}],"collection":[{"href":"https:\/\/ec-sainte-therese.com\/index.php?rest_route=\/wp\/v2\/pages"}],"about":[{"href":"https:\/\/ec-sainte-therese.com\/index.php?rest_route=\/wp\/v2\/types\/page"}],"author":[{"embeddable":true,"href":"https:\/\/ec-sainte-therese.com\/index.php?rest_route=\/wp\/v2\/users\/1"}],"replies":[{"embeddable":true,"href":"https:\/\/ec-sainte-therese.com\/index.php?rest_route=%2Fwp%2Fv2%2Fcomments&post=27"}],"version-history":[{"count":40,"href":"https:\/\/ec-sainte-therese.com\/index.php?rest_route=\/wp\/v2\/pages\/27\/revisions"}],"predecessor-version":[{"id":1609,"href":"https:\/\/ec-sainte-therese.com\/index.php?rest_route=\/wp\/v2\/pages\/27\/revisions\/1609"}],"wp:attachment":[{"href":"https:\/\/ec-sainte-therese.com\/index.php?rest_route=%2Fwp%2Fv2%2Fmedia&parent=27"}],"curies":[{"name":"wp","href":"https:\/\/api.w.org\/{rel}","templated":true}]}}