{"id":29,"date":"2022-12-22T14:55:01","date_gmt":"2022-12-22T14:55:01","guid":{"rendered":"http:\/\/ec-sainte-therese-com.preview-domain.com\/?page_id=29"},"modified":"2023-01-20T14:23:02","modified_gmt":"2023-01-20T14:23:02","slug":"documents","status":"publish","type":"page","link":"https:\/\/ec-sainte-therese.com\/?page_id=29","title":{"rendered":"Documents"},"content":{"rendered":"\t\t<div data-elementor-type=\"wp-page\" data-elementor-id=\"29\" class=\"elementor elementor-29\">\n\t\t\t\t\t\t<section class=\"elementor-section elementor-top-section elementor-element elementor-element-22ab85c elementor-section-boxed elementor-section-height-default elementor-section-height-default\" data-id=\"22ab85c\" data-element_type=\"section\" data-e-type=\"section\" data-settings=\"{&quot;background_background&quot;:&quot;classic&quot;}\">\n\t\t\t\t\t\t\t<div class=\"elementor-background-overlay\"><\/div>\n\t\t\t\t\t\t\t<div class=\"elementor-container elementor-column-gap-default\">\n\t\t\t\t\t<div class=\"elementor-column elementor-col-100 elementor-top-column elementor-element elementor-element-0412377 animated-slow\" data-id=\"0412377\" data-element_type=\"column\" data-e-type=\"column\" data-settings=\"{&quot;animation&quot;:&quot;none&quot;}\">\n\t\t\t<div class=\"elementor-widget-wrap elementor-element-populated\">\n\t\t\t\t\t\t<section class=\"elementor-section elementor-inner-section elementor-element elementor-element-c6501ca animated-slow elementor-section-boxed elementor-section-height-default elementor-section-height-default elementor-invisible\" data-id=\"c6501ca\" data-element_type=\"section\" data-e-type=\"section\" data-settings=\"{&quot;animation&quot;:&quot;fadeInRight&quot;}\">\n\t\t\t\t\t\t<div class=\"elementor-container elementor-column-gap-default\">\n\t\t\t\t\t<div class=\"elementor-column elementor-col-100 elementor-inner-column elementor-element elementor-element-7fc875d animated-slow elementor-invisible\" data-id=\"7fc875d\" data-element_type=\"column\" data-e-type=\"column\" data-settings=\"{&quot;animation&quot;:&quot;fadeInRight&quot;}\">\n\t\t\t<div class=\"elementor-widget-wrap elementor-element-populated\">\n\t\t\t\t\t\t<div class=\"elementor-element elementor-element-65cf22a elementor-widget elementor-widget-heading\" data-id=\"65cf22a\" data-element_type=\"widget\" data-e-type=\"widget\" data-widget_type=\"heading.default\">\n\t\t\t\t<div class=\"elementor-widget-container\">\n\t\t\t\t\t<h2 class=\"elementor-heading-title elementor-size-default\">Calendrier des vacances scolaires 2022-2023<\/h2>\t\t\t\t<\/div>\n\t\t\t\t<\/div>\n\t\t\t\t\t<\/div>\n\t\t<\/div>\n\t\t\t\t\t<\/div>\n\t\t<\/section>\n\t\t\t\t<div class=\"elementor-element elementor-element-30b7bda elementor-widget elementor-widget-text-editor\" data-id=\"30b7bda\" data-element_type=\"widget\" data-e-type=\"widget\" data-widget_type=\"text-editor.default\">\n\t\t\t\t<div class=\"elementor-widget-container\">\n\t\t\t\t\t\t\t\t\t<table class=\" aligncenter\" width=\"1079\" cellspacing=\"0\" cellpadding=\"11\"><tbody><tr><td width=\"517\" height=\"26\"><h1 class=\"western\" align=\"center\"><span style=\"color: #ffffff;\"><strong><span style=\"font-size: small;\">Rentr\u00e9e scolaire 2022<\/span><\/strong><\/span><\/h1><\/td><td width=\"517\"><h1 class=\"western\" align=\"center\"><span style=\"color: #ffffff;\"><strong><span style=\"font-size: small;\">Lundi 29 ao\u00fbt 2022<\/span><span style=\"font-size: small;\"> (pot de rentr\u00e9e d\u00e8s 8h30)<\/span><\/strong><\/span><\/h1><\/td><\/tr><tr><td width=\"517\" height=\"28\"><h1 class=\"western\" align=\"center\"><span style=\"color: #ffffff;\"><strong><span style=\"font-size: small;\">Toussaint<\/span><\/strong><\/span><\/h1><\/td><td width=\"517\"><h1 class=\"western\" align=\"center\"><span style=\"color: #ffffff;\"><strong><span style=\"font-size: small;\">Vendredi soir 21 octobre 2022<\/span><\/strong><\/span><\/h1><p><span style=\"color: #ffffff;\"><strong><span style=\"font-size: small;\">au lundi 7 novembre 2022 au matin<\/span><\/strong><\/span><\/p><\/td><\/tr><tr><td width=\"517\" height=\"27\"><h1 class=\"western\" align=\"center\"><span style=\"color: #ffffff;\"><strong><span style=\"font-size: small;\">No\u00ebl<\/span><\/strong><\/span><\/h1><\/td><td width=\"517\"><h1 class=\"western\" align=\"center\"><span style=\"color: #ffffff;\"><strong><span style=\"font-size: small;\">Vendredi soir 16 d\u00e9cembre 2022<\/span><\/strong><\/span><\/h1><p><span style=\"color: #ffffff;\"><strong><span style=\"font-size: small;\">Au <\/span><span style=\"font-size: small;\">mardi<\/span><span style=\"font-size: small;\"> 3 janvier 2023 au matin<\/span><\/strong><\/span><\/p><\/td><\/tr><tr><td width=\"517\" height=\"28\"><h1 class=\"western\" align=\"center\"><span style=\"color: #ffffff;\"><strong><span style=\"font-size: small;\">Hiver<\/span><\/strong><\/span><\/h1><\/td><td width=\"517\"><h1 class=\"western\" align=\"center\"><span style=\"color: #ffffff;\"><strong><span style=\"font-size: small;\">Vendredi soir 10 f\u00e9vrier 2022<\/span><\/strong><\/span><\/h1><p><span style=\"color: #ffffff;\"><strong><span style=\"font-size: small;\">au lundi 27 f\u00e9vrier 2023 au matin<\/span><\/strong><\/span><\/p><\/td><\/tr><tr><td width=\"517\" height=\"27\"><h1 class=\"western\" align=\"center\"><span style=\"color: #ffffff;\"><strong><span style=\"font-size: small;\">Printemps<\/span><\/strong><\/span><\/h1><\/td><td width=\"517\"><h1 class=\"western\" align=\"center\"><span style=\"color: #ffffff;\"><strong><span style=\"font-size: small;\">Vendredi soir 14 avril 2023<\/span><\/strong><\/span><\/h1><p><span style=\"color: #ffffff;\"><strong><span style=\"font-size: small;\">au <\/span><span style=\"font-size: small;\">mardi<\/span><span style=\"font-size: small;\"> 2 mai 2023 au matin<\/span><\/strong><\/span><\/p><\/td><\/tr><tr><td width=\"517\" height=\"27\"><h1 class=\"western\" align=\"center\"><span style=\"color: #ffffff;\"><strong><span style=\"font-size: small;\">Journ\u00e9e des communaut\u00e9s \u00e9ducatives<\/span><\/strong><\/span><\/h1><\/td><td width=\"517\"><h1 class=\"western\" align=\"center\"><span style=\"color: #ffffff;\"><strong><span style=\"font-size: small;\">Lundi 28 novembre 2022 <\/span><span style=\"font-size: small;\"><u>(sans \u00e9l\u00e8ve)<\/u><\/span><\/strong><\/span><\/h1><\/td><\/tr><tr><td width=\"517\" height=\"27\"><h1 class=\"western\" align=\"center\"><span style=\"color: #ffffff;\"><strong><span style=\"font-size: small;\">Pont de l\u2019ascension<\/span><\/strong><\/span><\/h1><\/td><td width=\"517\"><h1 class=\"western\" align=\"center\"><span style=\"color: #ffffff;\"><strong><span style=\"font-size: small;\">Mardi soir 16 mai 2023 au lundi 22 mai 2023 au matin<\/span><\/strong><\/span><\/h1><\/td><\/tr><tr><td width=\"517\" height=\"27\"><h1 class=\"western\" align=\"center\"><span style=\"color: #ffffff;\"><strong><span style=\"font-size: small;\">Pentec\u00f4te<\/span><\/strong><\/span><\/h1><\/td><td width=\"517\"><h1 class=\"western\" align=\"center\"><span style=\"color: #ffffff;\"><strong><span style=\"font-size: small;\">Lundi 29 mai 2023 : pas d\u2019\u00e9cole (lundi de Pentec\u00f4te)<\/span><\/strong><\/span><\/h1><\/td><\/tr><tr><td width=\"517\" height=\"27\"><h1 class=\"western\" align=\"center\"><span style=\"color: #ffffff;\"><strong><span style=\"font-size: small;\">D\u00e9but des vacances d\u2019\u00e9t\u00e9<\/span><\/strong><\/span><\/h1><\/td><td width=\"517\"><h1 class=\"western\" align=\"center\"><span style=\"color: #ffffff;\"><strong><span style=\"font-size: small;\">Mardi 4 juillet 2023<\/span><span style=\"font-size: small;\"> au soir<\/span><\/strong><\/span><\/h1><\/td><\/tr><\/tbody><\/table>\t\t\t\t\t\t\t\t<\/div>\n\t\t\t\t<\/div>\n\t\t\t\t<div class=\"elementor-element elementor-element-f3dca21 elementor-widget elementor-widget-text-editor\" data-id=\"f3dca21\" data-element_type=\"widget\" data-e-type=\"widget\" data-widget_type=\"text-editor.default\">\n\t\t\t\t<div class=\"elementor-widget-container\">\n\t\t\t\t\t\t\t\t\t<p>\u00a0<\/p><table class=\" aligncenter\" width=\"1079\" cellspacing=\"0\" cellpadding=\"11\"><tbody><tr><td width=\"517\" height=\"26\"><p class=\"western\" align=\"center\"><strong><span style=\"font-size: small; color: #ffffff;\">Rentr\u00e9e scolaire 2022<\/span><\/strong><\/p><\/td><td width=\"517\"><p class=\"western\" align=\"center\"><strong><span style=\"color: #ffffff;\"><span style=\"font-size: small;\">Lundi 29 ao\u00fbt 2022<\/span><span style=\"font-size: small;\"> (pot de rentr\u00e9e d\u00e8s 8h30)<\/span><\/span><\/strong><\/p><\/td><\/tr><tr><td width=\"517\" height=\"28\"><p class=\"western\" align=\"center\"><strong><span style=\"font-size: small; color: #ffffff;\">Toussaint<\/span><\/strong><\/p><\/td><td width=\"517\"><p class=\"western\" align=\"center\"><strong><span style=\"font-size: small; color: #ffffff;\">Vendredi soir 21 octobre 2022<\/span><\/strong><\/p><p class=\"western\" align=\"center\"><strong><span style=\"font-size: small; color: #ffffff;\">au lundi 7 novembre 2022 au matin<\/span><\/strong><\/p><\/td><\/tr><tr><td width=\"517\" height=\"27\"><p class=\"western\" align=\"center\"><strong><span style=\"font-size: small; color: #ffffff;\">No\u00ebl<\/span><\/strong><\/p><\/td><td width=\"517\"><p class=\"western\" align=\"center\"><strong><span style=\"font-size: small; color: #ffffff;\">Vendredi soir 16 d\u00e9cembre 2022<\/span><\/strong><\/p><p class=\"western\" align=\"center\"><strong><span style=\"color: #ffffff;\"><span style=\"font-size: small;\">Au <\/span><span style=\"font-size: small;\">mardi<\/span><span style=\"font-size: small;\"> 3 janvier 2023 au matin<\/span><\/span><\/strong><\/p><\/td><\/tr><tr><td width=\"517\" height=\"28\"><p class=\"western\" align=\"center\"><strong><span style=\"font-size: small; color: #ffffff;\">Hiver<\/span><\/strong><\/p><\/td><td width=\"517\"><p class=\"western\" align=\"center\"><strong><span style=\"font-size: small; color: #ffffff;\">Vendredi soir 10 f\u00e9vrier 2022<\/span><\/strong><\/p><p class=\"western\" align=\"center\"><strong><span style=\"font-size: small; color: #ffffff;\">au lundi 27 f\u00e9vrier 2023 au matin<\/span><\/strong><\/p><\/td><\/tr><tr><td width=\"517\" height=\"27\"><p class=\"western\" align=\"center\"><strong><span style=\"font-size: small; color: #ffffff;\">Printemps<\/span><\/strong><\/p><\/td><td width=\"517\"><p class=\"western\" align=\"center\"><strong><span style=\"font-size: small; color: #ffffff;\">Vendredi soir 14 avril 2023<\/span><\/strong><\/p><p class=\"western\" align=\"center\"><strong><span style=\"color: #ffffff;\"><span style=\"font-size: small;\">au <\/span><span style=\"font-size: small;\">mardi<\/span><span style=\"font-size: small;\"> 2 mai 2023 au matin<\/span><\/span><\/strong><\/p><\/td><\/tr><tr><td width=\"517\" height=\"27\"><p class=\"western\" align=\"center\"><strong><span style=\"font-size: small; color: #ffffff;\">Journ\u00e9e des communaut\u00e9s \u00e9ducatives<\/span><\/strong><\/p><\/td><td width=\"517\"><p class=\"western\" align=\"center\"><strong><span style=\"color: #ffffff;\"><span style=\"font-size: small;\">Lundi 28 novembre 2022 <\/span><span style=\"font-size: small;\"><u>(sans \u00e9l\u00e8ve)<\/u><\/span><\/span><\/strong><\/p><\/td><\/tr><tr><td width=\"517\" height=\"27\"><p class=\"western\" align=\"center\"><strong><span style=\"font-size: small; color: #ffffff;\">Pont de l\u2019ascension<\/span><\/strong><\/p><\/td><td width=\"517\"><p class=\"western\" align=\"center\"><strong><span style=\"font-size: small; color: #ffffff;\">Mardi soir 16 mai 2023 au lundi 22 mai 2023 au matin<\/span><\/strong><\/p><\/td><\/tr><tr><td width=\"517\" height=\"27\"><p class=\"western\" align=\"center\"><strong><span style=\"font-size: small; color: #ffffff;\">Pentec\u00f4te<\/span><\/strong><\/p><\/td><td width=\"517\"><p class=\"western\" align=\"center\"><strong><span style=\"font-size: small; color: #ffffff;\">Lundi 29 mai 2023 : pas d\u2019\u00e9cole (lundi de Pentec\u00f4te)<\/span><\/strong><\/p><\/td><\/tr><tr><td width=\"517\" height=\"27\"><p class=\"western\" align=\"center\"><strong><span style=\"font-size: small; color: #ffffff;\">D\u00e9but des vacances d\u2019\u00e9t\u00e9<\/span><\/strong><\/p><\/td><td width=\"517\"><p class=\"western\" align=\"center\"><strong><span style=\"color: #ffffff;\"><span style=\"font-size: small;\">Mardi 4 juillet 2023<\/span><span style=\"font-size: small;\"> au soir<\/span><\/span><\/strong><\/p><\/td><\/tr><\/tbody><\/table>\t\t\t\t\t\t\t\t<\/div>\n\t\t\t\t<\/div>\n\t\t\t\t\t<\/div>\n\t\t<\/div>\n\t\t\t\t\t<\/div>\n\t\t<\/section>\n\t\t\t\t<\/div>\n\t\t","protected":false},"excerpt":{"rendered":"<p>Calendrier des vacances scolaires 2022-2023 Rentr\u00e9e scolaire 2022 Lundi 29 ao\u00fbt 2022 (pot de rentr\u00e9e d\u00e8s 8h30) Toussaint Vendredi soir 21 octobre 2022 au lundi 7 novembre 2022 au matin No\u00ebl Vendredi soir 16 d\u00e9cembre 2022 Au mardi 3 janvier 2023 au matin Hiver Vendredi soir 10 f\u00e9vrier 2022 au lundi 27 f\u00e9vrier 2023 au [&hellip;]<\/p>\n","protected":false},"author":1,"featured_media":0,"parent":0,"menu_order":0,"comment_status":"closed","ping_status":"closed","template":"","meta":{"site-sidebar-layout":"no-sidebar","site-content-layout":"page-builder","ast-site-content-layout":"default","site-content-style":"default","site-sidebar-style":"default","ast-global-header-display":"","ast-banner-title-visibility":"","ast-main-header-display":"","ast-hfb-above-header-display":"","ast-hfb-below-header-display":"","ast-hfb-mobile-header-display":"","site-post-title":"disabled","ast-breadcrumbs-content":"","ast-featured-img":"disabled","footer-sml-layout":"","ast-disable-related-posts":"","theme-transparent-header-meta":"","adv-header-id-meta":"","stick-header-meta":"","header-above-stick-meta":"","header-main-stick-meta":"","header-below-stick-meta":"","astra-migrate-meta-layouts":"default","ast-page-background-enabled":"default","ast-page-background-meta":{"desktop":{"background-color":"var(--ast-global-color-4)","background-image":"","background-repeat":"repeat","background-position":"center center","background-size":"auto","background-attachment":"scroll","background-type":"","background-media":"","overlay-type":"","overlay-color":"","overlay-opacity":"","overlay-gradient":""},"tablet":{"background-color":"","background-image":"","background-repeat":"repeat","background-position":"center center","background-size":"auto","background-attachment":"scroll","background-type":"","background-media":"","overlay-type":"","overlay-color":"","overlay-opacity":"","overlay-gradient":""},"mobile":{"background-color":"","background-image":"","background-repeat":"repeat","background-position":"center center","background-size":"auto","background-attachment":"scroll","background-type":"","background-media":"","overlay-type":"","overlay-color":"","overlay-opacity":"","overlay-gradient":""}},"ast-content-background-meta":{"desktop":{"background-color":"var(--ast-global-color-5)","background-image":"","background-repeat":"repeat","background-position":"center center","background-size":"auto","background-attachment":"scroll","background-type":"","background-media":"","overlay-type":"","overlay-color":"","overlay-opacity":"","overlay-gradient":""},"tablet":{"background-color":"var(--ast-global-color-5)","background-image":"","background-repeat":"repeat","background-position":"center center","background-size":"auto","background-attachment":"scroll","background-type":"","background-media":"","overlay-type":"","overlay-color":"","overlay-opacity":"","overlay-gradient":""},"mobile":{"background-color":"var(--ast-global-color-5)","background-image":"","background-repeat":"repeat","background-position":"center center","background-size":"auto","background-attachment":"scroll","background-type":"","background-media":"","overlay-type":"","overlay-color":"","overlay-opacity":"","overlay-gradient":""}},"footnotes":""},"class_list":["post-29","page","type-page","status-publish","hentry"],"yoast_head":"<!-- This site is optimized with the Yoast SEO plugin v27.4 - https:\/\/yoast.com\/product\/yoast-seo-wordpress\/ -->\n<title>Documents - ECOLE PRIVEE SAINTE THERESE<\/title>\n<meta name=\"robots\" content=\"index, follow, max-snippet:-1, max-image-preview:large, max-video-preview:-1\" \/>\n<link rel=\"canonical\" href=\"https:\/\/ec-sainte-therese.com\/?page_id=29\" \/>\n<meta property=\"og:locale\" content=\"fr_FR\" \/>\n<meta property=\"og:type\" content=\"article\" \/>\n<meta property=\"og:title\" content=\"Documents - ECOLE PRIVEE SAINTE THERESE\" \/>\n<meta property=\"og:description\" content=\"Calendrier des vacances scolaires 2022-2023 Rentr\u00e9e scolaire 2022 Lundi 29 ao\u00fbt 2022 (pot de rentr\u00e9e d\u00e8s 8h30) Toussaint Vendredi soir 21 octobre 2022 au lundi 7 novembre 2022 au matin No\u00ebl Vendredi soir 16 d\u00e9cembre 2022 Au mardi 3 janvier 2023 au matin Hiver Vendredi soir 10 f\u00e9vrier 2022 au lundi 27 f\u00e9vrier 2023 au [&hellip;]\" \/>\n<meta property=\"og:url\" content=\"https:\/\/ec-sainte-therese.com\/?page_id=29\" \/>\n<meta property=\"og:site_name\" content=\"ECOLE PRIVEE SAINTE THERESE\" \/>\n<meta property=\"article:publisher\" content=\"https:\/\/www.facebook.com\/APELSAINTETHERESE72\" \/>\n<meta property=\"article:modified_time\" content=\"2023-01-20T14:23:02+00:00\" \/>\n<meta name=\"twitter:card\" content=\"summary_large_image\" \/>\n<meta name=\"twitter:label1\" content=\"Dur\u00e9e de lecture estim\u00e9e\" \/>\n\t<meta name=\"twitter:data1\" content=\"1 minute\" \/>\n<script type=\"application\/ld+json\" class=\"yoast-schema-graph\">{\"@context\":\"https:\\\/\\\/schema.org\",\"@graph\":[{\"@type\":\"WebPage\",\"@id\":\"https:\\\/\\\/ec-sainte-therese.com\\\/?page_id=29\",\"url\":\"https:\\\/\\\/ec-sainte-therese.com\\\/?page_id=29\",\"name\":\"Documents - ECOLE PRIVEE SAINTE THERESE\",\"isPartOf\":{\"@id\":\"https:\\\/\\\/ec-sainte-therese.com\\\/#website\"},\"datePublished\":\"2022-12-22T14:55:01+00:00\",\"dateModified\":\"2023-01-20T14:23:02+00:00\",\"breadcrumb\":{\"@id\":\"https:\\\/\\\/ec-sainte-therese.com\\\/?page_id=29#breadcrumb\"},\"inLanguage\":\"fr-FR\",\"potentialAction\":[{\"@type\":\"ReadAction\",\"target\":[\"https:\\\/\\\/ec-sainte-therese.com\\\/?page_id=29\"]}]},{\"@type\":\"BreadcrumbList\",\"@id\":\"https:\\\/\\\/ec-sainte-therese.com\\\/?page_id=29#breadcrumb\",\"itemListElement\":[{\"@type\":\"ListItem\",\"position\":1,\"name\":\"Accueil\",\"item\":\"https:\\\/\\\/ec-sainte-therese.com\\\/\"},{\"@type\":\"ListItem\",\"position\":2,\"name\":\"Documents\"}]},{\"@type\":\"WebSite\",\"@id\":\"https:\\\/\\\/ec-sainte-therese.com\\\/#website\",\"url\":\"https:\\\/\\\/ec-sainte-therese.com\\\/\",\"name\":\"ECOLE PRIVEE SAINTE THERESE\",\"description\":\"\",\"publisher\":{\"@id\":\"https:\\\/\\\/ec-sainte-therese.com\\\/#organization\"},\"potentialAction\":[{\"@type\":\"SearchAction\",\"target\":{\"@type\":\"EntryPoint\",\"urlTemplate\":\"https:\\\/\\\/ec-sainte-therese.com\\\/?s={search_term_string}\"},\"query-input\":{\"@type\":\"PropertyValueSpecification\",\"valueRequired\":true,\"valueName\":\"search_term_string\"}}],\"inLanguage\":\"fr-FR\"},{\"@type\":\"Organization\",\"@id\":\"https:\\\/\\\/ec-sainte-therese.com\\\/#organization\",\"name\":\"ECOLE SAINTE THERESE\",\"alternateName\":\"ECOLE PRIVE\",\"url\":\"https:\\\/\\\/ec-sainte-therese.com\\\/\",\"logo\":{\"@type\":\"ImageObject\",\"inLanguage\":\"fr-FR\",\"@id\":\"https:\\\/\\\/ec-sainte-therese.com\\\/#\\\/schema\\\/logo\\\/image\\\/\",\"url\":\"https:\\\/\\\/ec-sainte-therese.com\\\/wp-content\\\/uploads\\\/2022\\\/12\\\/cropped-logo.png\",\"contentUrl\":\"https:\\\/\\\/ec-sainte-therese.com\\\/wp-content\\\/uploads\\\/2022\\\/12\\\/cropped-logo.png\",\"width\":240,\"height\":91,\"caption\":\"ECOLE SAINTE THERESE\"},\"image\":{\"@id\":\"https:\\\/\\\/ec-sainte-therese.com\\\/#\\\/schema\\\/logo\\\/image\\\/\"},\"sameAs\":[\"https:\\\/\\\/www.facebook.com\\\/APELSAINTETHERESE72\"]}]}<\/script>\n<!-- \/ Yoast SEO plugin. -->","yoast_head_json":{"title":"Documents - ECOLE PRIVEE SAINTE THERESE","robots":{"index":"index","follow":"follow","max-snippet":"max-snippet:-1","max-image-preview":"max-image-preview:large","max-video-preview":"max-video-preview:-1"},"canonical":"https:\/\/ec-sainte-therese.com\/?page_id=29","og_locale":"fr_FR","og_type":"article","og_title":"Documents - ECOLE PRIVEE SAINTE THERESE","og_description":"Calendrier des vacances scolaires 2022-2023 Rentr\u00e9e scolaire 2022 Lundi 29 ao\u00fbt 2022 (pot de rentr\u00e9e d\u00e8s 8h30) Toussaint Vendredi soir 21 octobre 2022 au lundi 7 novembre 2022 au matin No\u00ebl Vendredi soir 16 d\u00e9cembre 2022 Au mardi 3 janvier 2023 au matin Hiver Vendredi soir 10 f\u00e9vrier 2022 au lundi 27 f\u00e9vrier 2023 au [&hellip;]","og_url":"https:\/\/ec-sainte-therese.com\/?page_id=29","og_site_name":"ECOLE PRIVEE SAINTE THERESE","article_publisher":"https:\/\/www.facebook.com\/APELSAINTETHERESE72","article_modified_time":"2023-01-20T14:23:02+00:00","twitter_card":"summary_large_image","twitter_misc":{"Dur\u00e9e de lecture estim\u00e9e":"1 minute"},"schema":{"@context":"https:\/\/schema.org","@graph":[{"@type":"WebPage","@id":"https:\/\/ec-sainte-therese.com\/?page_id=29","url":"https:\/\/ec-sainte-therese.com\/?page_id=29","name":"Documents - ECOLE PRIVEE SAINTE THERESE","isPartOf":{"@id":"https:\/\/ec-sainte-therese.com\/#website"},"datePublished":"2022-12-22T14:55:01+00:00","dateModified":"2023-01-20T14:23:02+00:00","breadcrumb":{"@id":"https:\/\/ec-sainte-therese.com\/?page_id=29#breadcrumb"},"inLanguage":"fr-FR","potentialAction":[{"@type":"ReadAction","target":["https:\/\/ec-sainte-therese.com\/?page_id=29"]}]},{"@type":"BreadcrumbList","@id":"https:\/\/ec-sainte-therese.com\/?page_id=29#breadcrumb","itemListElement":[{"@type":"ListItem","position":1,"name":"Accueil","item":"https:\/\/ec-sainte-therese.com\/"},{"@type":"ListItem","position":2,"name":"Documents"}]},{"@type":"WebSite","@id":"https:\/\/ec-sainte-therese.com\/#website","url":"https:\/\/ec-sainte-therese.com\/","name":"ECOLE PRIVEE SAINTE THERESE","description":"","publisher":{"@id":"https:\/\/ec-sainte-therese.com\/#organization"},"potentialAction":[{"@type":"SearchAction","target":{"@type":"EntryPoint","urlTemplate":"https:\/\/ec-sainte-therese.com\/?s={search_term_string}"},"query-input":{"@type":"PropertyValueSpecification","valueRequired":true,"valueName":"search_term_string"}}],"inLanguage":"fr-FR"},{"@type":"Organization","@id":"https:\/\/ec-sainte-therese.com\/#organization","name":"ECOLE SAINTE THERESE","alternateName":"ECOLE PRIVE","url":"https:\/\/ec-sainte-therese.com\/","logo":{"@type":"ImageObject","inLanguage":"fr-FR","@id":"https:\/\/ec-sainte-therese.com\/#\/schema\/logo\/image\/","url":"https:\/\/ec-sainte-therese.com\/wp-content\/uploads\/2022\/12\/cropped-logo.png","contentUrl":"https:\/\/ec-sainte-therese.com\/wp-content\/uploads\/2022\/12\/cropped-logo.png","width":240,"height":91,"caption":"ECOLE SAINTE THERESE"},"image":{"@id":"https:\/\/ec-sainte-therese.com\/#\/schema\/logo\/image\/"},"sameAs":["https:\/\/www.facebook.com\/APELSAINTETHERESE72"]}]}},"_links":{"self":[{"href":"https:\/\/ec-sainte-therese.com\/index.php?rest_route=\/wp\/v2\/pages\/29","targetHints":{"allow":["GET"]}}],"collection":[{"href":"https:\/\/ec-sainte-therese.com\/index.php?rest_route=\/wp\/v2\/pages"}],"about":[{"href":"https:\/\/ec-sainte-therese.com\/index.php?rest_route=\/wp\/v2\/types\/page"}],"author":[{"embeddable":true,"href":"https:\/\/ec-sainte-therese.com\/index.php?rest_route=\/wp\/v2\/users\/1"}],"replies":[{"embeddable":true,"href":"https:\/\/ec-sainte-therese.com\/index.php?rest_route=%2Fwp%2Fv2%2Fcomments&post=29"}],"version-history":[{"count":4,"href":"https:\/\/ec-sainte-therese.com\/index.php?rest_route=\/wp\/v2\/pages\/29\/revisions"}],"predecessor-version":[{"id":350,"href":"https:\/\/ec-sainte-therese.com\/index.php?rest_route=\/wp\/v2\/pages\/29\/revisions\/350"}],"wp:attachment":[{"href":"https:\/\/ec-sainte-therese.com\/index.php?rest_route=%2Fwp%2Fv2%2Fmedia&parent=29"}],"curies":[{"name":"wp","href":"https:\/\/api.w.org\/{rel}","templated":true}]}}