{"id":31,"date":"2022-12-22T14:55:20","date_gmt":"2022-12-22T14:55:20","guid":{"rendered":"http:\/\/ec-sainte-therese-com.preview-domain.com\/?page_id=31"},"modified":"2023-02-05T00:03:43","modified_gmt":"2023-02-05T00:03:43","slug":"actualites","status":"publish","type":"page","link":"https:\/\/ec-sainte-therese.com\/?page_id=31","title":{"rendered":"Actualit\u00e9s"},"content":{"rendered":"\t\t<div data-elementor-type=\"wp-page\" data-elementor-id=\"31\" class=\"elementor elementor-31\">\n\t\t\t\t\t\t<section class=\"elementor-section elementor-top-section elementor-element elementor-element-4bb53aea elementor-section-boxed elementor-section-height-default elementor-section-height-default\" data-id=\"4bb53aea\" data-element_type=\"section\" data-e-type=\"section\" data-settings=\"{&quot;background_background&quot;:&quot;classic&quot;}\">\n\t\t\t\t\t\t\t<div class=\"elementor-background-overlay\"><\/div>\n\t\t\t\t\t\t\t<div class=\"elementor-container elementor-column-gap-no\">\n\t\t\t\t\t<div class=\"elementor-column elementor-col-100 elementor-top-column elementor-element elementor-element-786ce0a2\" data-id=\"786ce0a2\" data-element_type=\"column\" data-e-type=\"column\">\n\t\t\t<div class=\"elementor-widget-wrap elementor-element-populated\">\n\t\t\t\t\t\t<div class=\"elementor-element elementor-element-3e816212 elementor-widget elementor-widget-heading\" data-id=\"3e816212\" data-element_type=\"widget\" data-e-type=\"widget\" data-widget_type=\"heading.default\">\n\t\t\t\t<div class=\"elementor-widget-container\">\n\t\t\t\t\t<h1 class=\"elementor-heading-title elementor-size-default\">ACTUALIT\u00c9S<\/h1>\t\t\t\t<\/div>\n\t\t\t\t<\/div>\n\t\t\t\t\t<\/div>\n\t\t<\/div>\n\t\t\t\t\t<\/div>\n\t\t<\/section>\n\t\t\t\t<section class=\"elementor-section elementor-top-section elementor-element elementor-element-3f86507 elementor-section-boxed elementor-section-height-default elementor-section-height-default\" data-id=\"3f86507\" data-element_type=\"section\" data-e-type=\"section\">\n\t\t\t\t\t\t<div class=\"elementor-container elementor-column-gap-default\">\n\t\t\t\t\t<div class=\"elementor-column elementor-col-100 elementor-top-column elementor-element elementor-element-86e3aac\" data-id=\"86e3aac\" data-element_type=\"column\" data-e-type=\"column\">\n\t\t\t<div class=\"elementor-widget-wrap elementor-element-populated\">\n\t\t\t\t\t\t<div class=\"elementor-element elementor-element-266d250 elementor-widget elementor-widget-heading\" data-id=\"266d250\" data-element_type=\"widget\" data-e-type=\"widget\" data-widget_type=\"heading.default\">\n\t\t\t\t<div class=\"elementor-widget-container\">\n\t\t\t\t\t<h2 class=\"elementor-heading-title elementor-size-default\">KERMESSE 26 JUIN 2022<\/h2>\t\t\t\t<\/div>\n\t\t\t\t<\/div>\n\t\t\t\t<div class=\"elementor-element elementor-element-07d93d0 elementor-arrows-position-inside elementor-pagination-position-outside elementor-widget elementor-widget-image-carousel\" data-id=\"07d93d0\" data-element_type=\"widget\" data-e-type=\"widget\" data-settings=\"{&quot;slides_to_show&quot;:&quot;1&quot;,&quot;navigation&quot;:&quot;both&quot;,&quot;autoplay&quot;:&quot;yes&quot;,&quot;pause_on_hover&quot;:&quot;yes&quot;,&quot;pause_on_interaction&quot;:&quot;yes&quot;,&quot;autoplay_speed&quot;:5000,&quot;infinite&quot;:&quot;yes&quot;,&quot;effect&quot;:&quot;slide&quot;,&quot;speed&quot;:500}\" data-widget_type=\"image-carousel.default\">\n\t\t\t\t<div class=\"elementor-widget-container\">\n\t\t\t\t\t\t\t<div class=\"elementor-image-carousel-wrapper swiper\" role=\"region\" aria-roledescription=\"carousel\" aria-label=\"Carrousel d\u2019images\" dir=\"ltr\">\n\t\t\t<div class=\"elementor-image-carousel swiper-wrapper swiper-image-stretch\" aria-live=\"off\">\n\t\t\t\t\t\t\t\t<div class=\"swiper-slide\" role=\"group\" aria-roledescription=\"slide\" aria-label=\"1 sur 12\"><figure class=\"swiper-slide-inner\"><img decoding=\"async\" class=\"swiper-slide-image\" src=\"https:\/\/ec-sainte-therese.com\/wp-content\/uploads\/2023\/02\/Plan-de-travail-12-1024x485.jpg\" alt=\"Plan de travail 12\" \/><\/figure><\/div><div class=\"swiper-slide\" role=\"group\" aria-roledescription=\"slide\" aria-label=\"2 sur 12\"><figure class=\"swiper-slide-inner\"><img decoding=\"async\" class=\"swiper-slide-image\" src=\"https:\/\/ec-sainte-therese.com\/wp-content\/uploads\/2023\/02\/Plan-de-travail-13-1024x485.png\" alt=\"Plan de travail 13\" \/><\/figure><\/div><div class=\"swiper-slide\" role=\"group\" aria-roledescription=\"slide\" aria-label=\"3 sur 12\"><figure class=\"swiper-slide-inner\"><img decoding=\"async\" class=\"swiper-slide-image\" src=\"https:\/\/ec-sainte-therese.com\/wp-content\/uploads\/2023\/02\/Plan-de-travail-14-1024x485.png\" alt=\"Plan de travail 14\" \/><\/figure><\/div><div class=\"swiper-slide\" role=\"group\" aria-roledescription=\"slide\" aria-label=\"4 sur 12\"><figure class=\"swiper-slide-inner\"><img decoding=\"async\" class=\"swiper-slide-image\" src=\"https:\/\/ec-sainte-therese.com\/wp-content\/uploads\/2023\/02\/Plan-de-travail-15-1024x485.jpg\" alt=\"Plan de travail 15\" \/><\/figure><\/div><div class=\"swiper-slide\" role=\"group\" aria-roledescription=\"slide\" aria-label=\"5 sur 12\"><figure class=\"swiper-slide-inner\"><img decoding=\"async\" class=\"swiper-slide-image\" src=\"https:\/\/ec-sainte-therese.com\/wp-content\/uploads\/2023\/02\/Plan-de-travail-16-1024x485.png\" alt=\"Plan de travail 16\" \/><\/figure><\/div><div class=\"swiper-slide\" role=\"group\" aria-roledescription=\"slide\" aria-label=\"6 sur 12\"><figure class=\"swiper-slide-inner\"><img decoding=\"async\" class=\"swiper-slide-image\" src=\"https:\/\/ec-sainte-therese.com\/wp-content\/uploads\/2023\/02\/Plan-de-travail-17-1024x485.png\" alt=\"Plan de travail 17\" \/><\/figure><\/div><div class=\"swiper-slide\" role=\"group\" aria-roledescription=\"slide\" aria-label=\"7 sur 12\"><figure class=\"swiper-slide-inner\"><img decoding=\"async\" class=\"swiper-slide-image\" src=\"https:\/\/ec-sainte-therese.com\/wp-content\/uploads\/2023\/02\/Plan-de-travail-18-1024x485.png\" alt=\"Plan de travail 18\" \/><\/figure><\/div><div class=\"swiper-slide\" role=\"group\" aria-roledescription=\"slide\" aria-label=\"8 sur 12\"><figure class=\"swiper-slide-inner\"><img decoding=\"async\" class=\"swiper-slide-image\" src=\"https:\/\/ec-sainte-therese.com\/wp-content\/uploads\/2023\/02\/Plan-de-travail-19-1024x485.jpg\" alt=\"Plan de travail 19\" \/><\/figure><\/div><div class=\"swiper-slide\" role=\"group\" aria-roledescription=\"slide\" aria-label=\"9 sur 12\"><figure class=\"swiper-slide-inner\"><img decoding=\"async\" class=\"swiper-slide-image\" src=\"https:\/\/ec-sainte-therese.com\/wp-content\/uploads\/2023\/02\/Plan-de-travail-20-1024x485.jpg\" alt=\"Plan de travail 20\" \/><\/figure><\/div><div class=\"swiper-slide\" role=\"group\" aria-roledescription=\"slide\" aria-label=\"10 sur 12\"><figure class=\"swiper-slide-inner\"><img decoding=\"async\" class=\"swiper-slide-image\" src=\"https:\/\/ec-sainte-therese.com\/wp-content\/uploads\/2023\/02\/Plan-de-travail-21-1024x485.png\" alt=\"Plan de travail 21\" \/><\/figure><\/div><div class=\"swiper-slide\" role=\"group\" aria-roledescription=\"slide\" aria-label=\"11 sur 12\"><figure class=\"swiper-slide-inner\"><img decoding=\"async\" class=\"swiper-slide-image\" src=\"https:\/\/ec-sainte-therese.com\/wp-content\/uploads\/2023\/02\/Plan-de-travail-23.jpg\" alt=\"\" \/><\/figure><\/div><div class=\"swiper-slide\" role=\"group\" aria-roledescription=\"slide\" aria-label=\"12 sur 12\"><figure class=\"swiper-slide-inner\"><img decoding=\"async\" class=\"swiper-slide-image\" src=\"https:\/\/ec-sainte-therese.com\/wp-content\/uploads\/2023\/02\/Plan-de-travail-22-1024x485.jpg\" alt=\"Plan de travail 22\" \/><\/figure><\/div>\t\t\t<\/div>\n\t\t\t\t\t\t\t\t\t\t\t\t<div class=\"elementor-swiper-button elementor-swiper-button-prev\" role=\"button\" tabindex=\"0\">\n\t\t\t\t\t\t<i aria-hidden=\"true\" class=\"eicon-chevron-left\"><\/i>\t\t\t\t\t<\/div>\n\t\t\t\t\t<div class=\"elementor-swiper-button elementor-swiper-button-next\" role=\"button\" tabindex=\"0\">\n\t\t\t\t\t\t<i aria-hidden=\"true\" class=\"eicon-chevron-right\"><\/i>\t\t\t\t\t<\/div>\n\t\t\t\t\n\t\t\t\t\t\t\t\t\t<div class=\"swiper-pagination\"><\/div>\n\t\t\t\t\t\t\t\t\t<\/div>\n\t\t\t\t\t\t<\/div>\n\t\t\t\t<\/div>\n\t\t\t\t<div class=\"elementor-element elementor-element-9b4e925 elementor-widget elementor-widget-text-editor\" data-id=\"9b4e925\" data-element_type=\"widget\" data-e-type=\"widget\" data-widget_type=\"text-editor.default\">\n\t\t\t\t<div class=\"elementor-widget-container\">\n\t\t\t\t\t\t\t\t\tCette ann\u00e9e, l\u2019\u00e9cole a eu la possibilit\u00e9 de proposer de nouveau une kermesse ! Depuis 2 ans sans cet \u00e9v\u00e8nement, toute l\u2019\u00e9quipe de l\u2019APEL, enseignantes ainsi aussi les enfants \u00e9taient heureux de pr\u00e9senter ce beau spectacle sur la \u201cnature\u201d.\nD\u00e9clinaison de la nature en passant par la ferme mais aussi toutes sortes d\u2019insectes : abeille, coccinelle, papillon ou encore les fleurs.\nAu programme : un d\u00e9fil\u00e9 dans les rues avec un superbe tracteur d\u00e9cor\u00e9 pour l\u2019occasion, diff\u00e9rentes danses, des stands de jeux puis un tirage de tombola.\t\t\t\t\t\t\t\t<\/div>\n\t\t\t\t<\/div>\n\t\t\t\t\t<\/div>\n\t\t<\/div>\n\t\t\t\t\t<\/div>\n\t\t<\/section>\n\t\t\t\t<section class=\"elementor-section elementor-top-section elementor-element elementor-element-22e508b elementor-section-boxed elementor-section-height-default elementor-section-height-default\" data-id=\"22e508b\" data-element_type=\"section\" data-e-type=\"section\">\n\t\t\t\t\t\t<div class=\"elementor-container elementor-column-gap-default\">\n\t\t\t\t\t<div class=\"elementor-column elementor-col-100 elementor-top-column elementor-element elementor-element-1862047\" data-id=\"1862047\" data-element_type=\"column\" data-e-type=\"column\">\n\t\t\t<div class=\"elementor-widget-wrap elementor-element-populated\">\n\t\t\t\t\t\t<div class=\"elementor-element elementor-element-fbc79f6 elementor-widget elementor-widget-heading\" data-id=\"fbc79f6\" data-element_type=\"widget\" data-e-type=\"widget\" data-widget_type=\"heading.default\">\n\t\t\t\t<div class=\"elementor-widget-container\">\n\t\t\t\t\t<h2 class=\"elementor-heading-title elementor-size-default\">NOUVEAUX JEUX DE COUR<\/h2>\t\t\t\t<\/div>\n\t\t\t\t<\/div>\n\t\t\t\t<div class=\"elementor-element elementor-element-d24a8bb elementor-widget elementor-widget-text-editor\" data-id=\"d24a8bb\" data-element_type=\"widget\" data-e-type=\"widget\" data-widget_type=\"text-editor.default\">\n\t\t\t\t<div class=\"elementor-widget-container\">\n\t\t\t\t\t\t\t\t\t<p>D\u00e8s la rentr\u00e9e de septembre, les \u00e9l\u00e8ves ont pu d\u00e9couvrir de nouveaux jeux de cour pour le plaisir des plus petits et des plus grands.<br>\nCes achats effectu\u00e9s par l\u2019APEL ont un grand succ\u00e8s et font plaisir \u00e0 tous \u00e0 chaque r\u00e9cr\u00e9ation. Merci l\u2019\u00e9quipe de l\u2019APEL.<br>\nNavigation de l\u2019article<\/p>\t\t\t\t\t\t\t\t<\/div>\n\t\t\t\t<\/div>\n\t\t\t\t\t<\/div>\n\t\t<\/div>\n\t\t\t\t\t<\/div>\n\t\t<\/section>\n\t\t\t\t<section class=\"elementor-section elementor-top-section elementor-element elementor-element-cdab062 elementor-section-boxed elementor-section-height-default elementor-section-height-default\" data-id=\"cdab062\" data-element_type=\"section\" data-e-type=\"section\">\n\t\t\t\t\t\t<div class=\"elementor-container elementor-column-gap-default\">\n\t\t\t\t\t<div class=\"elementor-column elementor-col-100 elementor-top-column elementor-element elementor-element-b4d2496\" data-id=\"b4d2496\" data-element_type=\"column\" data-e-type=\"column\">\n\t\t\t<div class=\"elementor-widget-wrap elementor-element-populated\">\n\t\t\t\t\t\t<div class=\"elementor-element elementor-element-b08f4b3 elementor-widget elementor-widget-heading\" data-id=\"b08f4b3\" data-element_type=\"widget\" data-e-type=\"widget\" data-widget_type=\"heading.default\">\n\t\t\t\t<div class=\"elementor-widget-container\">\n\t\t\t\t\t<h2 class=\"elementor-heading-title elementor-size-default\">BENEDICTION DES CARTABLES<\/h2>\t\t\t\t<\/div>\n\t\t\t\t<\/div>\n\t\t\t\t<div class=\"elementor-element elementor-element-aed92f0 elementor-widget elementor-widget-text-editor\" data-id=\"aed92f0\" data-element_type=\"widget\" data-e-type=\"widget\" data-widget_type=\"text-editor.default\">\n\t\t\t\t<div class=\"elementor-widget-container\">\n\t\t\t\t\t\t\t\t\tComme l\u2019an pass\u00e9, le P\u00e8re Jean N\u00e9pomuc\u00e8ne de Malicorne est venu \u00e0 l\u2019\u00e9cole, vendredi 2 septembre, afin de b\u00e9nir les cartables de tous : \u00e9l\u00e8ves et enseignantes.\nChaque \u00e9l\u00e8ve \u00e9tait muni de son cartable rempli de mat\u00e9riel qui s\u2019ach\u00e8te mais il est important de remplir toutes les poches du cartable de choses qui ne s\u2019ach\u00e8tent pas comme : le courage, le pardon, le respect, la bienveillance etc.\t\t\t\t\t\t\t\t<\/div>\n\t\t\t\t<\/div>\n\t\t\t\t\t<\/div>\n\t\t<\/div>\n\t\t\t\t\t<\/div>\n\t\t<\/section>\n\t\t\t\t<section class=\"elementor-section elementor-top-section elementor-element elementor-element-26bb9c0 elementor-section-boxed elementor-section-height-default elementor-section-height-default\" data-id=\"26bb9c0\" data-element_type=\"section\" data-e-type=\"section\">\n\t\t\t\t\t\t<div class=\"elementor-container elementor-column-gap-default\">\n\t\t\t\t\t<div class=\"elementor-column elementor-col-100 elementor-top-column elementor-element elementor-element-3b079c2\" data-id=\"3b079c2\" data-element_type=\"column\" data-e-type=\"column\">\n\t\t\t<div class=\"elementor-widget-wrap elementor-element-populated\">\n\t\t\t\t\t\t<div class=\"elementor-element elementor-element-e7ce080 elementor-widget elementor-widget-heading\" data-id=\"e7ce080\" data-element_type=\"widget\" data-e-type=\"widget\" data-widget_type=\"heading.default\">\n\t\t\t\t<div class=\"elementor-widget-container\">\n\t\t\t\t\t<h2 class=\"elementor-heading-title elementor-size-default\">CHEMINS EN COULEURS<\/h2>\t\t\t\t<\/div>\n\t\t\t\t<\/div>\n\t\t\t\t<div class=\"elementor-element elementor-element-40f628c elementor-widget elementor-widget-text-editor\" data-id=\"40f628c\" data-element_type=\"widget\" data-e-type=\"widget\" data-widget_type=\"text-editor.default\">\n\t\t\t\t<div class=\"elementor-widget-container\">\n\t\t\t\t\t\t\t\t\tComme chaque ann\u00e9e, les \u00e9l\u00e8ves de chaque classe ont pr\u00e9sent\u00e9 une \u0153uvre sur le th\u00e8me \u201cpetites b\u00eates\u201d pour cette nouvelle \u00e9dition 2022. Beaucoup de productions \u00e9taient pr\u00e9sent\u00e9es car toutes les \u00e9coles de Malicorne ont particip\u00e9. Une vrai diversit\u00e9 d\u2019\u0153uvres. Bravo ! Chaque classe de l\u2019\u00e9cole Sainte Th\u00e9r\u00e8se a bien travaill\u00e9e, oeuvr\u00e9e et l\u2019\u00e9cole a re\u00e7u un gros cadeau : un carton rempli de peintures, crayons de couleur, papiers, feuilles de couleurs etc. Nous remercions les organisateurs \u00e0 l\u2019origine de cette belle exposition !\t\t\t\t\t\t\t\t<\/div>\n\t\t\t\t<\/div>\n\t\t\t\t\t<\/div>\n\t\t<\/div>\n\t\t\t\t\t<\/div>\n\t\t<\/section>\n\t\t\t\t<section class=\"elementor-section elementor-top-section elementor-element elementor-element-09d7daa elementor-section-boxed elementor-section-height-default elementor-section-height-default\" data-id=\"09d7daa\" data-element_type=\"section\" data-e-type=\"section\">\n\t\t\t\t\t\t<div class=\"elementor-container elementor-column-gap-default\">\n\t\t\t\t\t<div class=\"elementor-column elementor-col-100 elementor-top-column elementor-element elementor-element-c7e1d63\" data-id=\"c7e1d63\" data-element_type=\"column\" data-e-type=\"column\">\n\t\t\t<div class=\"elementor-widget-wrap elementor-element-populated\">\n\t\t\t\t\t\t<div class=\"elementor-element elementor-element-125a3d2 elementor-widget elementor-widget-heading\" data-id=\"125a3d2\" data-element_type=\"widget\" data-e-type=\"widget\" data-widget_type=\"heading.default\">\n\t\t\t\t<div class=\"elementor-widget-container\">\n\t\t\t\t\t<h2 class=\"elementor-heading-title elementor-size-default\">NOUVELLE BARRIERE A L\u2019ECOLE<\/h2>\t\t\t\t<\/div>\n\t\t\t\t<\/div>\n\t\t\t\t<div class=\"elementor-element elementor-element-cc1ab69 elementor-widget elementor-widget-text-editor\" data-id=\"cc1ab69\" data-element_type=\"widget\" data-e-type=\"widget\" data-widget_type=\"text-editor.default\">\n\t\t\t\t<div class=\"elementor-widget-container\">\n\t\t\t\t\t\t\t\t\tGr\u00e2ce \u00e0 l\u2019APEL de l\u2019\u00e9cole, les \u00e9l\u00e8ves ont \u00e9t\u00e9 ravis, lundi 10 octobre, au matin, de d\u00e9couvrir la nouvelle barri\u00e8re de l\u2019\u00e9cole pr\u00e9sente sur la cour de r\u00e9cr\u00e9ation.\nElle \u00e9tait attendue avec impatience depuis d\u00e9but septembre mais la fabrication et la livraison avaient pris un peu de retard.\nTout vient \u00e0 point \u00e0 qui sait attendre !\t\t\t\t\t\t\t\t<\/div>\n\t\t\t\t<\/div>\n\t\t\t\t\t<\/div>\n\t\t<\/div>\n\t\t\t\t\t<\/div>\n\t\t<\/section>\n\t\t\t\t<section class=\"elementor-section elementor-top-section elementor-element elementor-element-d704653 elementor-section-boxed elementor-section-height-default elementor-section-height-default\" data-id=\"d704653\" data-element_type=\"section\" data-e-type=\"section\">\n\t\t\t\t\t\t<div class=\"elementor-container elementor-column-gap-default\">\n\t\t\t\t\t<div class=\"elementor-column elementor-col-100 elementor-top-column elementor-element elementor-element-2134786\" data-id=\"2134786\" data-element_type=\"column\" data-e-type=\"column\">\n\t\t\t<div class=\"elementor-widget-wrap elementor-element-populated\">\n\t\t\t\t\t\t<div class=\"elementor-element elementor-element-00efc4c elementor-widget elementor-widget-heading\" data-id=\"00efc4c\" data-element_type=\"widget\" data-e-type=\"widget\" data-widget_type=\"heading.default\">\n\t\t\t\t<div class=\"elementor-widget-container\">\n\t\t\t\t\t<h2 class=\"elementor-heading-title elementor-size-default\">JACQU\u2019OTTE, EN ROULOTTE<\/h2>\t\t\t\t<\/div>\n\t\t\t\t<\/div>\n\t\t\t\t<div class=\"elementor-element elementor-element-a5e13eb elementor-widget elementor-widget-text-editor\" data-id=\"a5e13eb\" data-element_type=\"widget\" data-e-type=\"widget\" data-widget_type=\"text-editor.default\">\n\t\t\t\t<div class=\"elementor-widget-container\">\n\t\t\t\t\t\t\t\t\tLe vendredi 21 octobre, veille de vacances de Toussaint, les enfants ont eu la bonne surprise de trouver une roulotte juste devant l\u2019\u00e9cole.\nDe 9h \u00e0 17h, une conteuse avec sa roulotte s\u2019est install\u00e9e devant l\u2019\u00e9cole Sainte Th\u00e9r\u00e8se, faute de pouvoir entrer sous le porche de l\u2019\u00e9cole.\u2028Notre th\u00e8me d\u2019ann\u00e9e \u00e9tant les contes et l\u00e9gende, \u201cJacquotte, contes en roulotte\u201d a invit\u00e9 tous les \u00e9l\u00e8ves de l\u2019\u00e9cole, de la PS au CM2, dans sa roulotte afin d\u2019y conter de magnifiques et beaux contes.\u2028Toutes les classes se sont donc install\u00e9es \u00e0 tour de r\u00f4le, dans la roulotte, pour environ une heure de contes.\nPour terminer, la journ\u00e9e s\u2019est ach\u00e9v\u00e9e avec 3 derniers contes pour toute l\u2019\u00e9cole, ensemble, dans notre salle de motricit\u00e9.\nQuel bon et beau moment d\u2019\u00e9vasion et d\u2019imagination! Merci Jacquotte!\t\t\t\t\t\t\t\t<\/div>\n\t\t\t\t<\/div>\n\t\t\t\t\t<\/div>\n\t\t<\/div>\n\t\t\t\t\t<\/div>\n\t\t<\/section>\n\t\t\t\t<section class=\"elementor-section elementor-top-section elementor-element elementor-element-f76ad8a elementor-section-boxed elementor-section-height-default elementor-section-height-default\" data-id=\"f76ad8a\" data-element_type=\"section\" data-e-type=\"section\">\n\t\t\t\t\t\t<div class=\"elementor-container elementor-column-gap-default\">\n\t\t\t\t\t<div class=\"elementor-column elementor-col-100 elementor-top-column elementor-element elementor-element-81a661f\" data-id=\"81a661f\" data-element_type=\"column\" data-e-type=\"column\">\n\t\t\t<div class=\"elementor-widget-wrap elementor-element-populated\">\n\t\t\t\t\t\t<div class=\"elementor-element elementor-element-cfa2231 elementor-widget elementor-widget-heading\" data-id=\"cfa2231\" data-element_type=\"widget\" data-e-type=\"widget\" data-widget_type=\"heading.default\">\n\t\t\t\t<div class=\"elementor-widget-container\">\n\t\t\t\t\t<h2 class=\"elementor-heading-title elementor-size-default\">COURSES LONGUES<\/h2>\t\t\t\t<\/div>\n\t\t\t\t<\/div>\n\t\t\t\t<div class=\"elementor-element elementor-element-0df3a32 elementor-widget elementor-widget-text-editor\" data-id=\"0df3a32\" data-element_type=\"widget\" data-e-type=\"widget\" data-widget_type=\"text-editor.default\">\n\t\t\t\t<div class=\"elementor-widget-container\">\n\t\t\t\t\t\t\t\t\tApr\u00e8s plusieurs ann\u00e9es d\u2019absence, les courses longues sont de retour.\nLes \u00e9l\u00e8ves de GS jusqu\u2019au CM2 se sont entra\u00een\u00e9s toutes les semaines au parcours sant\u00e9 et\nce d\u00e8s la rentr\u00e9e de septembre.\n\nL\u2019objectif pour ces courses n\u2019est pas de courir vite mais plut\u00f4t de pouvoir courir le plus\nlongtemps possible sans s\u2019arr\u00eater. Et ce n\u2019est pas aussi simple que cela n\u2019y para\u00eet. Les\npremiers jours, les \u00e9l\u00e8ves partaient bien trop rapidement et se trouvaient oblig\u00e9s d\u2019arr\u00eater\napr\u00e8s quelques minutes de course. Progressivement, ils ont appris \u00e0 partir doucement et \u00e0\ntenir leur rythme 10 minutes, puis 15 puis 20 minutes pour les plus grands.\n\nIl a fallu comprendre qu\u2019on ne courrait pas pour \u00eatre le meilleur mais pour atteindre\nl\u2019objectif que l\u2019on s\u2019\u00e9tait fix\u00e9. Une belle course contre mais surtout pour soi-m\u00eame.\n\nLes \u00e9l\u00e8ves des \u00e9coles du secteur se sont retrouv\u00e9s, le lundi 14 novembre, \u00e0 La Fl\u00e8che pour courir tous ensemble.\nIls se sont tous montr\u00e9s tr\u00e8s motiv\u00e9s par cette manifestation sportive !!! Bravo \u00e0 eux.\t\t\t\t\t\t\t\t<\/div>\n\t\t\t\t<\/div>\n\t\t\t\t\t<\/div>\n\t\t<\/div>\n\t\t\t\t\t<\/div>\n\t\t<\/section>\n\t\t\t\t<section class=\"elementor-section elementor-top-section elementor-element elementor-element-960edb5 elementor-section-boxed elementor-section-height-default elementor-section-height-default\" data-id=\"960edb5\" data-element_type=\"section\" data-e-type=\"section\">\n\t\t\t\t\t\t<div class=\"elementor-container elementor-column-gap-default\">\n\t\t\t\t\t<div class=\"elementor-column elementor-col-100 elementor-top-column elementor-element elementor-element-a6743cc\" data-id=\"a6743cc\" data-element_type=\"column\" data-e-type=\"column\">\n\t\t\t<div class=\"elementor-widget-wrap elementor-element-populated\">\n\t\t\t\t\t\t<div class=\"elementor-element elementor-element-36a0f37 elementor-widget elementor-widget-heading\" data-id=\"36a0f37\" data-element_type=\"widget\" data-e-type=\"widget\" data-widget_type=\"heading.default\">\n\t\t\t\t<div class=\"elementor-widget-container\">\n\t\t\t\t\t<h2 class=\"elementor-heading-title elementor-size-default\">CELEBRATION DE NOEL<\/h2>\t\t\t\t<\/div>\n\t\t\t\t<\/div>\n\t\t\t\t<div class=\"elementor-element elementor-element-b75c202 elementor-widget elementor-widget-text-editor\" data-id=\"b75c202\" data-element_type=\"widget\" data-e-type=\"widget\" data-widget_type=\"text-editor.default\">\n\t\t\t\t<div class=\"elementor-widget-container\">\n\t\t\t\t\t\t\t\t\tPour terminer le temps de l\u2019Avent, vendredi 16 d\u00e9cembre, tous les \u00e9l\u00e8ves de l\u2019\u00e9cole Sainte Th\u00e9r\u00e8se se sont rendus \u00e0 l\u2019\u00e9glise Saint-Sylvestre de Malicorne sur Sarthe, pour y vivre une petite c\u00e9l\u00e9bration de No\u00ebl.\nLes enfants ont pu admirer la grande cr\u00e8che de l\u2019\u00e9glise, \u00e9couter un conte de No\u00ebl. Ils ont chant\u00e9 des chants de No\u00ebl et ont assist\u00e9 \u00e0 une cr\u00e8che vivante pr\u00e9par\u00e9e par les \u00e9l\u00e8ves de CM2.\t\t\t\t\t\t\t\t<\/div>\n\t\t\t\t<\/div>\n\t\t\t\t\t<\/div>\n\t\t<\/div>\n\t\t\t\t\t<\/div>\n\t\t<\/section>\n\t\t\t\t<section class=\"elementor-section elementor-top-section elementor-element elementor-element-ca6d5b3 elementor-section-boxed elementor-section-height-default elementor-section-height-default\" data-id=\"ca6d5b3\" data-element_type=\"section\" data-e-type=\"section\">\n\t\t\t\t\t\t<div class=\"elementor-container elementor-column-gap-default\">\n\t\t\t\t\t<div class=\"elementor-column elementor-col-100 elementor-top-column elementor-element elementor-element-6e10c5a\" data-id=\"6e10c5a\" data-element_type=\"column\" data-e-type=\"column\">\n\t\t\t<div class=\"elementor-widget-wrap elementor-element-populated\">\n\t\t\t\t\t\t<div class=\"elementor-element elementor-element-b2c9466 elementor-widget elementor-widget-heading\" data-id=\"b2c9466\" data-element_type=\"widget\" data-e-type=\"widget\" data-widget_type=\"heading.default\">\n\t\t\t\t<div class=\"elementor-widget-container\">\n\t\t\t\t\t<h2 class=\"elementor-heading-title elementor-size-default\">SPECTACLE DE NOEL<\/h2>\t\t\t\t<\/div>\n\t\t\t\t<\/div>\n\t\t\t\t<div class=\"elementor-element elementor-element-f366fea elementor-widget elementor-widget-text-editor\" data-id=\"f366fea\" data-element_type=\"widget\" data-e-type=\"widget\" data-widget_type=\"text-editor.default\">\n\t\t\t\t<div class=\"elementor-widget-container\">\n\t\t\t\t\t\t\t\t\tL\u2019association des parents d\u2019\u00e9l\u00e8ves (APEL) a offert, pour chaque enfant de l\u2019\u00e9cole Sainte Th\u00e9r\u00e8se, un spectacle \u00e0 la salle des f\u00eates de Malicorne. Celui-ci a eu lieu vendredi soir 16 d\u00e9cembre, veille de vacances.\nLe spectacle \u00ab une balle entre nous \u00bb de la compagnie Zigomatiks m\u00ealait jonglerie et clownerie.\nDeux jongleurs un peu clowns, \u00e9changent leurs balles, quilles et diabolos, mais leur complicit\u00e9 se transforme vite en bataille rang\u00e9e\u2026 Et tous les coups sont permis !\nDes rires et du plaisir pour les petits comme les grands !\n\nA la suite du spectacle, le P\u00e8re No\u00ebl est arriv\u00e9 et a offert un cadeau et un sachet de friandises \u00e0 chaque enfant. Merci P\u00e8re No\u00ebl !\t\t\t\t\t\t\t\t<\/div>\n\t\t\t\t<\/div>\n\t\t\t\t\t<\/div>\n\t\t<\/div>\n\t\t\t\t\t<\/div>\n\t\t<\/section>\n\t\t\t\t<\/div>\n\t\t","protected":false},"excerpt":{"rendered":"<p>ACTUALIT\u00c9S KERMESSE 26 JUIN 2022 Pr\u00e9c\u00e9dent Suivant Cette ann\u00e9e, l\u2019\u00e9cole a eu la possibilit\u00e9 de proposer de nouveau une kermesse ! Depuis 2 ans sans cet \u00e9v\u00e8nement, toute l\u2019\u00e9quipe de l\u2019APEL, enseignantes ainsi aussi les enfants \u00e9taient heureux de pr\u00e9senter ce beau spectacle sur la \u201cnature\u201d. D\u00e9clinaison de la nature en passant par la ferme [&hellip;]<\/p>\n","protected":false},"author":1,"featured_media":0,"parent":0,"menu_order":0,"comment_status":"closed","ping_status":"closed","template":"","meta":{"site-sidebar-layout":"no-sidebar","site-content-layout":"page-builder","ast-site-content-layout":"default","site-content-style":"default","site-sidebar-style":"default","ast-global-header-display":"","ast-banner-title-visibility":"","ast-main-header-display":"","ast-hfb-above-header-display":"","ast-hfb-below-header-display":"","ast-hfb-mobile-header-display":"","site-post-title":"disabled","ast-breadcrumbs-content":"","ast-featured-img":"disabled","footer-sml-layout":"","ast-disable-related-posts":"","theme-transparent-header-meta":"","adv-header-id-meta":"","stick-header-meta":"","header-above-stick-meta":"","header-main-stick-meta":"","header-below-stick-meta":"","astra-migrate-meta-layouts":"default","ast-page-background-enabled":"default","ast-page-background-meta":{"desktop":{"background-color":"var(--ast-global-color-4)","background-image":"","background-repeat":"repeat","background-position":"center center","background-size":"auto","background-attachment":"scroll","background-type":"","background-media":"","overlay-type":"","overlay-color":"","overlay-opacity":"","overlay-gradient":""},"tablet":{"background-color":"","background-image":"","background-repeat":"repeat","background-position":"center center","background-size":"auto","background-attachment":"scroll","background-type":"","background-media":"","overlay-type":"","overlay-color":"","overlay-opacity":"","overlay-gradient":""},"mobile":{"background-color":"","background-image":"","background-repeat":"repeat","background-position":"center center","background-size":"auto","background-attachment":"scroll","background-type":"","background-media":"","overlay-type":"","overlay-color":"","overlay-opacity":"","overlay-gradient":""}},"ast-content-background-meta":{"desktop":{"background-color":"var(--ast-global-color-5)","background-image":"","background-repeat":"repeat","background-position":"center center","background-size":"auto","background-attachment":"scroll","background-type":"","background-media":"","overlay-type":"","overlay-color":"","overlay-opacity":"","overlay-gradient":""},"tablet":{"background-color":"var(--ast-global-color-5)","background-image":"","background-repeat":"repeat","background-position":"center center","background-size":"auto","background-attachment":"scroll","background-type":"","background-media":"","overlay-type":"","overlay-color":"","overlay-opacity":"","overlay-gradient":""},"mobile":{"background-color":"var(--ast-global-color-5)","background-image":"","background-repeat":"repeat","background-position":"center center","background-size":"auto","background-attachment":"scroll","background-type":"","background-media":"","overlay-type":"","overlay-color":"","overlay-opacity":"","overlay-gradient":""}},"footnotes":""},"class_list":["post-31","page","type-page","status-publish","hentry"],"yoast_head":"<!-- This site is optimized with the Yoast SEO plugin v27.4 - https:\/\/yoast.com\/product\/yoast-seo-wordpress\/ -->\n<title>Actualit\u00e9s - ECOLE PRIVEE SAINTE THERESE<\/title>\n<meta name=\"robots\" content=\"index, follow, max-snippet:-1, max-image-preview:large, max-video-preview:-1\" \/>\n<link rel=\"canonical\" href=\"https:\/\/ec-sainte-therese.com\/?page_id=31\" \/>\n<meta property=\"og:locale\" content=\"fr_FR\" \/>\n<meta property=\"og:type\" content=\"article\" \/>\n<meta property=\"og:title\" content=\"Actualit\u00e9s - ECOLE PRIVEE SAINTE THERESE\" \/>\n<meta property=\"og:description\" content=\"ACTUALIT\u00c9S KERMESSE 26 JUIN 2022 Pr\u00e9c\u00e9dent Suivant Cette ann\u00e9e, l\u2019\u00e9cole a eu la possibilit\u00e9 de proposer de nouveau une kermesse ! Depuis 2 ans sans cet \u00e9v\u00e8nement, toute l\u2019\u00e9quipe de l\u2019APEL, enseignantes ainsi aussi les enfants \u00e9taient heureux de pr\u00e9senter ce beau spectacle sur la \u201cnature\u201d. D\u00e9clinaison de la nature en passant par la ferme [&hellip;]\" \/>\n<meta property=\"og:url\" content=\"https:\/\/ec-sainte-therese.com\/?page_id=31\" \/>\n<meta property=\"og:site_name\" content=\"ECOLE PRIVEE SAINTE THERESE\" \/>\n<meta property=\"article:publisher\" content=\"https:\/\/www.facebook.com\/APELSAINTETHERESE72\" \/>\n<meta property=\"article:modified_time\" content=\"2023-02-05T00:03:43+00:00\" \/>\n<meta property=\"og:image\" content=\"https:\/\/ec-sainte-therese.com\/wp-content\/uploads\/2023\/02\/Plan-de-travail-12-1024x485.jpg\" \/>\n<meta name=\"twitter:card\" content=\"summary_large_image\" \/>\n<meta name=\"twitter:label1\" content=\"Dur\u00e9e de lecture estim\u00e9e\" \/>\n\t<meta name=\"twitter:data1\" content=\"8 minutes\" \/>\n<script type=\"application\/ld+json\" class=\"yoast-schema-graph\">{\"@context\":\"https:\\\/\\\/schema.org\",\"@graph\":[{\"@type\":\"WebPage\",\"@id\":\"https:\\\/\\\/ec-sainte-therese.com\\\/?page_id=31\",\"url\":\"https:\\\/\\\/ec-sainte-therese.com\\\/?page_id=31\",\"name\":\"Actualit\u00e9s - ECOLE PRIVEE SAINTE THERESE\",\"isPartOf\":{\"@id\":\"https:\\\/\\\/ec-sainte-therese.com\\\/#website\"},\"primaryImageOfPage\":{\"@id\":\"https:\\\/\\\/ec-sainte-therese.com\\\/?page_id=31#primaryimage\"},\"image\":{\"@id\":\"https:\\\/\\\/ec-sainte-therese.com\\\/?page_id=31#primaryimage\"},\"thumbnailUrl\":\"https:\\\/\\\/ec-sainte-therese.com\\\/wp-content\\\/uploads\\\/2023\\\/02\\\/Plan-de-travail-12-1024x485.jpg\",\"datePublished\":\"2022-12-22T14:55:20+00:00\",\"dateModified\":\"2023-02-05T00:03:43+00:00\",\"breadcrumb\":{\"@id\":\"https:\\\/\\\/ec-sainte-therese.com\\\/?page_id=31#breadcrumb\"},\"inLanguage\":\"fr-FR\",\"potentialAction\":[{\"@type\":\"ReadAction\",\"target\":[\"https:\\\/\\\/ec-sainte-therese.com\\\/?page_id=31\"]}]},{\"@type\":\"ImageObject\",\"inLanguage\":\"fr-FR\",\"@id\":\"https:\\\/\\\/ec-sainte-therese.com\\\/?page_id=31#primaryimage\",\"url\":\"https:\\\/\\\/ec-sainte-therese.com\\\/wp-content\\\/uploads\\\/2023\\\/02\\\/Plan-de-travail-12.jpg\",\"contentUrl\":\"https:\\\/\\\/ec-sainte-therese.com\\\/wp-content\\\/uploads\\\/2023\\\/02\\\/Plan-de-travail-12.jpg\",\"width\":1440,\"height\":682},{\"@type\":\"BreadcrumbList\",\"@id\":\"https:\\\/\\\/ec-sainte-therese.com\\\/?page_id=31#breadcrumb\",\"itemListElement\":[{\"@type\":\"ListItem\",\"position\":1,\"name\":\"Accueil\",\"item\":\"https:\\\/\\\/ec-sainte-therese.com\\\/\"},{\"@type\":\"ListItem\",\"position\":2,\"name\":\"Actualit\u00e9s\"}]},{\"@type\":\"WebSite\",\"@id\":\"https:\\\/\\\/ec-sainte-therese.com\\\/#website\",\"url\":\"https:\\\/\\\/ec-sainte-therese.com\\\/\",\"name\":\"ECOLE PRIVEE SAINTE THERESE\",\"description\":\"\",\"publisher\":{\"@id\":\"https:\\\/\\\/ec-sainte-therese.com\\\/#organization\"},\"potentialAction\":[{\"@type\":\"SearchAction\",\"target\":{\"@type\":\"EntryPoint\",\"urlTemplate\":\"https:\\\/\\\/ec-sainte-therese.com\\\/?s={search_term_string}\"},\"query-input\":{\"@type\":\"PropertyValueSpecification\",\"valueRequired\":true,\"valueName\":\"search_term_string\"}}],\"inLanguage\":\"fr-FR\"},{\"@type\":\"Organization\",\"@id\":\"https:\\\/\\\/ec-sainte-therese.com\\\/#organization\",\"name\":\"ECOLE SAINTE THERESE\",\"alternateName\":\"ECOLE PRIVE\",\"url\":\"https:\\\/\\\/ec-sainte-therese.com\\\/\",\"logo\":{\"@type\":\"ImageObject\",\"inLanguage\":\"fr-FR\",\"@id\":\"https:\\\/\\\/ec-sainte-therese.com\\\/#\\\/schema\\\/logo\\\/image\\\/\",\"url\":\"https:\\\/\\\/ec-sainte-therese.com\\\/wp-content\\\/uploads\\\/2022\\\/12\\\/cropped-logo.png\",\"contentUrl\":\"https:\\\/\\\/ec-sainte-therese.com\\\/wp-content\\\/uploads\\\/2022\\\/12\\\/cropped-logo.png\",\"width\":240,\"height\":91,\"caption\":\"ECOLE SAINTE THERESE\"},\"image\":{\"@id\":\"https:\\\/\\\/ec-sainte-therese.com\\\/#\\\/schema\\\/logo\\\/image\\\/\"},\"sameAs\":[\"https:\\\/\\\/www.facebook.com\\\/APELSAINTETHERESE72\"]}]}<\/script>\n<!-- \/ Yoast SEO plugin. -->","yoast_head_json":{"title":"Actualit\u00e9s - ECOLE PRIVEE SAINTE THERESE","robots":{"index":"index","follow":"follow","max-snippet":"max-snippet:-1","max-image-preview":"max-image-preview:large","max-video-preview":"max-video-preview:-1"},"canonical":"https:\/\/ec-sainte-therese.com\/?page_id=31","og_locale":"fr_FR","og_type":"article","og_title":"Actualit\u00e9s - ECOLE PRIVEE SAINTE THERESE","og_description":"ACTUALIT\u00c9S KERMESSE 26 JUIN 2022 Pr\u00e9c\u00e9dent Suivant Cette ann\u00e9e, l\u2019\u00e9cole a eu la possibilit\u00e9 de proposer de nouveau une kermesse ! Depuis 2 ans sans cet \u00e9v\u00e8nement, toute l\u2019\u00e9quipe de l\u2019APEL, enseignantes ainsi aussi les enfants \u00e9taient heureux de pr\u00e9senter ce beau spectacle sur la \u201cnature\u201d. D\u00e9clinaison de la nature en passant par la ferme [&hellip;]","og_url":"https:\/\/ec-sainte-therese.com\/?page_id=31","og_site_name":"ECOLE PRIVEE SAINTE THERESE","article_publisher":"https:\/\/www.facebook.com\/APELSAINTETHERESE72","article_modified_time":"2023-02-05T00:03:43+00:00","og_image":[{"url":"https:\/\/ec-sainte-therese.com\/wp-content\/uploads\/2023\/02\/Plan-de-travail-12-1024x485.jpg","type":"","width":"","height":""}],"twitter_card":"summary_large_image","twitter_misc":{"Dur\u00e9e de lecture estim\u00e9e":"8 minutes"},"schema":{"@context":"https:\/\/schema.org","@graph":[{"@type":"WebPage","@id":"https:\/\/ec-sainte-therese.com\/?page_id=31","url":"https:\/\/ec-sainte-therese.com\/?page_id=31","name":"Actualit\u00e9s - ECOLE PRIVEE SAINTE THERESE","isPartOf":{"@id":"https:\/\/ec-sainte-therese.com\/#website"},"primaryImageOfPage":{"@id":"https:\/\/ec-sainte-therese.com\/?page_id=31#primaryimage"},"image":{"@id":"https:\/\/ec-sainte-therese.com\/?page_id=31#primaryimage"},"thumbnailUrl":"https:\/\/ec-sainte-therese.com\/wp-content\/uploads\/2023\/02\/Plan-de-travail-12-1024x485.jpg","datePublished":"2022-12-22T14:55:20+00:00","dateModified":"2023-02-05T00:03:43+00:00","breadcrumb":{"@id":"https:\/\/ec-sainte-therese.com\/?page_id=31#breadcrumb"},"inLanguage":"fr-FR","potentialAction":[{"@type":"ReadAction","target":["https:\/\/ec-sainte-therese.com\/?page_id=31"]}]},{"@type":"ImageObject","inLanguage":"fr-FR","@id":"https:\/\/ec-sainte-therese.com\/?page_id=31#primaryimage","url":"https:\/\/ec-sainte-therese.com\/wp-content\/uploads\/2023\/02\/Plan-de-travail-12.jpg","contentUrl":"https:\/\/ec-sainte-therese.com\/wp-content\/uploads\/2023\/02\/Plan-de-travail-12.jpg","width":1440,"height":682},{"@type":"BreadcrumbList","@id":"https:\/\/ec-sainte-therese.com\/?page_id=31#breadcrumb","itemListElement":[{"@type":"ListItem","position":1,"name":"Accueil","item":"https:\/\/ec-sainte-therese.com\/"},{"@type":"ListItem","position":2,"name":"Actualit\u00e9s"}]},{"@type":"WebSite","@id":"https:\/\/ec-sainte-therese.com\/#website","url":"https:\/\/ec-sainte-therese.com\/","name":"ECOLE PRIVEE SAINTE THERESE","description":"","publisher":{"@id":"https:\/\/ec-sainte-therese.com\/#organization"},"potentialAction":[{"@type":"SearchAction","target":{"@type":"EntryPoint","urlTemplate":"https:\/\/ec-sainte-therese.com\/?s={search_term_string}"},"query-input":{"@type":"PropertyValueSpecification","valueRequired":true,"valueName":"search_term_string"}}],"inLanguage":"fr-FR"},{"@type":"Organization","@id":"https:\/\/ec-sainte-therese.com\/#organization","name":"ECOLE SAINTE THERESE","alternateName":"ECOLE PRIVE","url":"https:\/\/ec-sainte-therese.com\/","logo":{"@type":"ImageObject","inLanguage":"fr-FR","@id":"https:\/\/ec-sainte-therese.com\/#\/schema\/logo\/image\/","url":"https:\/\/ec-sainte-therese.com\/wp-content\/uploads\/2022\/12\/cropped-logo.png","contentUrl":"https:\/\/ec-sainte-therese.com\/wp-content\/uploads\/2022\/12\/cropped-logo.png","width":240,"height":91,"caption":"ECOLE SAINTE THERESE"},"image":{"@id":"https:\/\/ec-sainte-therese.com\/#\/schema\/logo\/image\/"},"sameAs":["https:\/\/www.facebook.com\/APELSAINTETHERESE72"]}]}},"_links":{"self":[{"href":"https:\/\/ec-sainte-therese.com\/index.php?rest_route=\/wp\/v2\/pages\/31","targetHints":{"allow":["GET"]}}],"collection":[{"href":"https:\/\/ec-sainte-therese.com\/index.php?rest_route=\/wp\/v2\/pages"}],"about":[{"href":"https:\/\/ec-sainte-therese.com\/index.php?rest_route=\/wp\/v2\/types\/page"}],"author":[{"embeddable":true,"href":"https:\/\/ec-sainte-therese.com\/index.php?rest_route=\/wp\/v2\/users\/1"}],"replies":[{"embeddable":true,"href":"https:\/\/ec-sainte-therese.com\/index.php?rest_route=%2Fwp%2Fv2%2Fcomments&post=31"}],"version-history":[{"count":55,"href":"https:\/\/ec-sainte-therese.com\/index.php?rest_route=\/wp\/v2\/pages\/31\/revisions"}],"predecessor-version":[{"id":730,"href":"https:\/\/ec-sainte-therese.com\/index.php?rest_route=\/wp\/v2\/pages\/31\/revisions\/730"}],"wp:attachment":[{"href":"https:\/\/ec-sainte-therese.com\/index.php?rest_route=%2Fwp%2Fv2%2Fmedia&parent=31"}],"curies":[{"name":"wp","href":"https:\/\/api.w.org\/{rel}","templated":true}]}}